{"id":1876,"date":"2021-10-15T20:33:13","date_gmt":"2021-10-15T18:33:13","guid":{"rendered":"http:\/\/home.agh.edu.pl\/~zuchowsk\/?page_id=1876"},"modified":"2026-04-04T16:54:31","modified_gmt":"2026-04-04T14:54:31","slug":"projekty","status":"publish","type":"page","link":"https:\/\/home.agh.edu.pl\/~zuchowsk\/?page_id=1876","title":{"rendered":"Projekty"},"content":{"rendered":"\t\t<div data-elementor-type=\"wp-page\" data-elementor-id=\"1876\" class=\"elementor elementor-1876\" data-elementor-settings=\"[]\">\n\t\t\t\t\t\t<div class=\"elementor-inner\">\n\t\t\t\t\t\t\t<div class=\"elementor-section-wrap\">\n\t\t\t\t\t\t\t<section class=\"elementor-section elementor-top-section elementor-element elementor-element-5b697df elementor-section-full_width elementor-section-content-middle elementor-section-height-default elementor-section-height-default\" data-id=\"5b697df\" data-element_type=\"section\">\n\t\t\t\t\t\t<div class=\"elementor-container elementor-column-gap-default\">\n\t\t\t\t\t\t\t<div class=\"elementor-row\">\n\t\t\t\t\t<div class=\"elementor-column elementor-col-100 elementor-top-column elementor-element elementor-element-db7cf0b\" data-id=\"db7cf0b\" data-element_type=\"column\">\n\t\t\t<div class=\"elementor-column-wrap elementor-element-populated\">\n\t\t\t\t\t\t\t<div class=\"elementor-widget-wrap\">\n\t\t\t\t\t\t<div class=\"elementor-element elementor-element-95e5cd3 elementor-widget elementor-widget-heading\" data-id=\"95e5cd3\" data-element_type=\"widget\" data-widget_type=\"heading.default\">\n\t\t\t\t<div class=\"elementor-widget-container\">\n\t\t\t<h2 class=\"elementor-heading-title elementor-size-default\"><span data-teams=\"true\">Centrum Wiedzy o Dost\u0119pno\u015bci AGH <\/span><\/h2>\t\t<\/div>\n\t\t\t\t<\/div>\n\t\t\t\t\t\t<\/div>\n\t\t\t\t\t<\/div>\n\t\t<\/div>\n\t\t\t\t\t\t\t\t<\/div>\n\t\t\t\t\t<\/div>\n\t\t<\/section>\n\t\t\t\t<section class=\"elementor-section elementor-top-section elementor-element elementor-element-76af496 elementor-section-boxed elementor-section-height-default elementor-section-height-default\" data-id=\"76af496\" data-element_type=\"section\">\n\t\t\t\t\t\t<div class=\"elementor-container elementor-column-gap-default\">\n\t\t\t\t\t\t\t<div class=\"elementor-row\">\n\t\t\t\t\t<div class=\"elementor-column elementor-col-100 elementor-top-column elementor-element elementor-element-834360b\" data-id=\"834360b\" data-element_type=\"column\">\n\t\t\t<div class=\"elementor-column-wrap elementor-element-populated\">\n\t\t\t\t\t\t\t<div class=\"elementor-widget-wrap\">\n\t\t\t\t\t\t<div class=\"elementor-element elementor-element-af2b90a elementor-widget elementor-widget-text-editor\" data-id=\"af2b90a\" data-element_type=\"widget\" data-widget_type=\"text-editor.default\">\n\t\t\t\t<div class=\"elementor-widget-container\">\n\t\t\t\t\t\t\t\t<div class=\"elementor-text-editor elementor-clearfix\">\n\t\t\t\t<p><span data-teams=\"true\">(2025-2028) \u201eCentrum Wiedzy o Dost\u0119pno\u015bci AGH\u201d projekt\u202ffinansowany przez Narodowe Centrum Bada\u0144 i Rozwoju. w ramach Programu Fundusze Europejskie dla Rozwoju Spo\u0142ecznego 2021\u20132027, nr: FERS.03.01-IP.08-0245\/24-00.\u00a0<\/span><\/p>\t\t\t\t\t<\/div>\n\t\t\t\t\t\t<\/div>\n\t\t\t\t<\/div>\n\t\t\t\t\t\t<\/div>\n\t\t\t\t\t<\/div>\n\t\t<\/div>\n\t\t\t\t\t\t\t\t<\/div>\n\t\t\t\t\t<\/div>\n\t\t<\/section>\n\t\t\t\t<section class=\"elementor-section elementor-top-section elementor-element elementor-element-3680abd elementor-section-full_width elementor-section-height-default elementor-section-height-default\" data-id=\"3680abd\" data-element_type=\"section\">\n\t\t\t\t\t\t<div class=\"elementor-container elementor-column-gap-default\">\n\t\t\t\t\t\t\t<div class=\"elementor-row\">\n\t\t\t\t\t<div class=\"elementor-column elementor-col-100 elementor-top-column elementor-element elementor-element-524a0ba\" data-id=\"524a0ba\" data-element_type=\"column\">\n\t\t\t<div class=\"elementor-column-wrap elementor-element-populated\">\n\t\t\t\t\t\t\t<div class=\"elementor-widget-wrap\">\n\t\t\t\t\t\t<div class=\"elementor-element elementor-element-5f7dbc7 elementor-widget elementor-widget-heading\" data-id=\"5f7dbc7\" data-element_type=\"widget\" data-widget_type=\"heading.default\">\n\t\t\t\t<div class=\"elementor-widget-container\">\n\t\t\t<h2 class=\"elementor-heading-title elementor-size-default\"><br>\nMultimodalno\u015b\u0107 w udost\u0119pnianiu kolekcji muzealnych dla os\u00f3b z niepe\u0142nosprawno\u015bciami -\newaluacja dost\u0119pnych rozwi\u0105za\u0144\n<br> <br><\/h2>\t\t<\/div>\n\t\t\t\t<\/div>\n\t\t\t\t\t\t<\/div>\n\t\t\t\t\t<\/div>\n\t\t<\/div>\n\t\t\t\t\t\t\t\t<\/div>\n\t\t\t\t\t<\/div>\n\t\t<\/section>\n\t\t\t\t<section class=\"elementor-section elementor-top-section elementor-element elementor-element-7fa18ee elementor-section-full_width elementor-section-height-default elementor-section-height-default\" data-id=\"7fa18ee\" data-element_type=\"section\">\n\t\t\t\t\t\t<div class=\"elementor-container elementor-column-gap-default\">\n\t\t\t\t\t\t\t<div class=\"elementor-row\">\n\t\t\t\t\t<div class=\"elementor-column elementor-col-100 elementor-top-column elementor-element elementor-element-2bd77a1\" data-id=\"2bd77a1\" data-element_type=\"column\">\n\t\t\t<div class=\"elementor-column-wrap elementor-element-populated\">\n\t\t\t\t\t\t\t<div class=\"elementor-widget-wrap\">\n\t\t\t\t\t\t<div class=\"elementor-element elementor-element-626c266 elementor-widget elementor-widget-text-editor\" data-id=\"626c266\" data-element_type=\"widget\" data-widget_type=\"text-editor.default\">\n\t\t\t\t<div class=\"elementor-widget-container\">\n\t\t\t\t\t\t\t\t<div class=\"elementor-text-editor elementor-clearfix\">\n\t\t\t\t<p>Projekt realizowany z Ann\u0105 Olszewsk\u0105 otrzyma\u0142 dofnansowanie z PFRON w konkursie\u00a0<a href=\"https:\/\/www.pfron.org.pl\/aktualnosci\/szczegoly-aktualnosci\/news\/drugi-konkurs-badawczy-niepelnosprawnosc-w-naukach-humanistycznych\/\" target=\"_blank\" rel=\"noopener\">\u201eNiepe\u0142nosprawno\u015b\u0107 w naukach humanistycznych\u201d<\/a>.<\/p><p>Celem projektu jest zbadanie potencja\u0142u rozwi\u0105za\u0144 multimodalnych w procesie udost\u0119pniania cyfrowego zasob\u00f3w muzealnych o wszystkim w tym osobom z r\u00f3\u017cnymi rodzajami niepe\u0142nosprawno\u015bci.<\/p><p>Nied\u0142ugo opublikujemy wyniki naszych bada\u0144.<\/p><p>\u00a0<\/p>\t\t\t\t\t<\/div>\n\t\t\t\t\t\t<\/div>\n\t\t\t\t<\/div>\n\t\t\t\t\t\t<\/div>\n\t\t\t\t\t<\/div>\n\t\t<\/div>\n\t\t\t\t\t\t\t\t<\/div>\n\t\t\t\t\t<\/div>\n\t\t<\/section>\n\t\t\t\t<section class=\"elementor-section elementor-top-section elementor-element elementor-element-9288190 elementor-section-full_width elementor-section-height-default elementor-section-height-default\" data-id=\"9288190\" data-element_type=\"section\">\n\t\t\t\t\t\t<div class=\"elementor-container elementor-column-gap-default\">\n\t\t\t\t\t\t\t<div class=\"elementor-row\">\n\t\t\t\t\t<div class=\"elementor-column elementor-col-33 elementor-top-column elementor-element elementor-element-dcf9610\" data-id=\"dcf9610\" data-element_type=\"column\">\n\t\t\t<div class=\"elementor-column-wrap\">\n\t\t\t\t\t\t\t<div class=\"elementor-widget-wrap\">\n\t\t\t\t\t\t\t\t<\/div>\n\t\t\t\t\t<\/div>\n\t\t<\/div>\n\t\t\t\t<div class=\"elementor-column elementor-col-33 elementor-top-column elementor-element elementor-element-565c123\" data-id=\"565c123\" data-element_type=\"column\">\n\t\t\t<div class=\"elementor-column-wrap\">\n\t\t\t\t\t\t\t<div class=\"elementor-widget-wrap\">\n\t\t\t\t\t\t\t\t<\/div>\n\t\t\t\t\t<\/div>\n\t\t<\/div>\n\t\t\t\t<div class=\"elementor-column elementor-col-33 elementor-top-column elementor-element elementor-element-a1b4645\" data-id=\"a1b4645\" data-element_type=\"column\">\n\t\t\t<div class=\"elementor-column-wrap\">\n\t\t\t\t\t\t\t<div class=\"elementor-widget-wrap\">\n\t\t\t\t\t\t\t\t<\/div>\n\t\t\t\t\t<\/div>\n\t\t<\/div>\n\t\t\t\t\t\t\t\t<\/div>\n\t\t\t\t\t<\/div>\n\t\t<\/section>\n\t\t\t\t<section class=\"elementor-section elementor-top-section elementor-element elementor-element-8ae8231 elementor-section-full_width elementor-section-height-default elementor-section-height-default\" data-id=\"8ae8231\" data-element_type=\"section\">\n\t\t\t\t\t\t<div class=\"elementor-container elementor-column-gap-default\">\n\t\t\t\t\t\t\t<div class=\"elementor-row\">\n\t\t\t\t\t<div class=\"elementor-column elementor-col-100 elementor-top-column elementor-element elementor-element-0496e19\" data-id=\"0496e19\" data-element_type=\"column\">\n\t\t\t<div class=\"elementor-column-wrap elementor-element-populated\">\n\t\t\t\t\t\t\t<div class=\"elementor-widget-wrap\">\n\t\t\t\t\t\t<div class=\"elementor-element elementor-element-cb2dce8 elementor-widget elementor-widget-heading\" data-id=\"cb2dce8\" data-element_type=\"widget\" data-widget_type=\"heading.default\">\n\t\t\t\t<div class=\"elementor-widget-container\">\n\t\t\t<h2 class=\"elementor-heading-title elementor-size-default\">Polscy (nie)pe\u0142nosprawni. Od kompleksowej diagnozy sytuacji os\u00f3b niepe\u0142nosprawnych w Polsce do nowego modelu polityki spo\u0142ecznej wobec niepe\u0142nosprawno\u015bci.<\/h2>\t\t<\/div>\n\t\t\t\t<\/div>\n\t\t\t\t\t\t<\/div>\n\t\t\t\t\t<\/div>\n\t\t<\/div>\n\t\t\t\t\t\t\t\t<\/div>\n\t\t\t\t\t<\/div>\n\t\t<\/section>\n\t\t\t\t<section class=\"elementor-section elementor-top-section elementor-element elementor-element-4f10cf8 elementor-section-full_width elementor-section-height-default elementor-section-height-default\" data-id=\"4f10cf8\" data-element_type=\"section\">\n\t\t\t\t\t\t<div class=\"elementor-container elementor-column-gap-default\">\n\t\t\t\t\t\t\t<div class=\"elementor-row\">\n\t\t\t\t\t<div class=\"elementor-column elementor-col-100 elementor-top-column elementor-element elementor-element-e2a3047\" data-id=\"e2a3047\" data-element_type=\"column\">\n\t\t\t<div class=\"elementor-column-wrap elementor-element-populated\">\n\t\t\t\t\t\t\t<div class=\"elementor-widget-wrap\">\n\t\t\t\t\t\t<div class=\"elementor-element elementor-element-c4fb984 elementor-widget elementor-widget-text-editor\" data-id=\"c4fb984\" data-element_type=\"widget\" data-widget_type=\"text-editor.default\">\n\t\t\t\t<div class=\"elementor-widget-container\">\n\t\t\t\t\t\t\t\t<div class=\"elementor-text-editor elementor-clearfix\">\n\t\t\t\t<p>Projekt by\u0142 realizowany w latach 2012-2015 pod kierownictwem prof. Barbary G\u0105ciarz.\u00a0<\/p><p>G\u0142\u00f3wnymi celami naukowym projektu by\u0142y:<\/p><ul><li>ca\u0142o\u015bciowa diagnoza podstawowych wymiar\u00f3w po\u0142o\u017cenia spo\u0142ecznego i ekonomicznego os\u00f3b z niepe\u0142nosprawno\u015bci\u0105: okre\u015blenie najwa\u017cniejszych czynnik\u00f3w strukturalnych (ekonomicznych, spo\u0142ecznych, kulturowych) warunkuj\u0105cych po\u0142o\u017cenie tych os\u00f3b, u\u0142atwiaj\u0105cych lub utrudniaj\u0105cych ich integracj\u0119 spo\u0142eczn\u0105, a tym samym warunkuj\u0105cych mo\u017cliwo\u015bci normalnego funkcjonowania w \u017cyciu spo\u0142ecznym;<\/li><li>wypracowanie rekomendacji dotycz\u0105cych kierunk\u00f3w zmian systemowych w zakresie polityki spo\u0142ecznej wobec niepe\u0142nosprawno\u015bci w oparciu o zgromadzony w Polsce w ostatnich latach dorobek badawczy oraz pog\u0142\u0119bione studia empiryczne dotycz\u0105ce wybranych aspekt\u00f3w obecnej sytuacji os\u00f3b z niepe\u0142nosprawno\u015bci\u0105.<\/li><\/ul><p>To dwustopniowe podej\u015bcie pozwoli\u0142o na stworzenie w miar\u0119 pe\u0142nego opisu po\u0142o\u017cenia os\u00f3b z niepe\u0142nosprawno\u015bci\u0105 oraz na okre\u015blenie sposob\u00f3w rozwi\u0105zania utrzymuj\u0105cych si\u0119 problem\u00f3w zwi\u0105zanych z ich integracj\u0105 spo\u0142eczn\u0105. Atutem proponowanego podej\u015bcia by\u0142o r\u00f3wnoczesne dokonanie syntezy istniej\u0105cego dorobku i uzupe\u0142nienie stworzonej diagnozy badaniami empirycznymi, kt\u00f3re pos\u0142u\u017cy\u0142y przede wszystkim do pog\u0142\u0119bienia wiedzy w obszarach nierozpoznanych dotychczas w spos\u00f3b wystarczaj\u0105cy lub takimi, kt\u00f3re mog\u0105 przynie\u015b\u0107 nowatorskie w warunkach polskich wskazania dla praktyki spo\u0142ecznej.\u00a0<\/p><p>Osi\u0105gni\u0119cie tak z\u0142o\u017conego i wieloaspektowego celu by\u0142o mo\u017cliwe poprzez uwzgl\u0119dnienie obszar\u00f3w badawczych uporz\u0105dkowanych w sze\u015bciu modu\u0142ach:<\/p><ul><li>Modu\u0142 I. Polityka spo\u0142eczna w dzia\u0142aniu. Instytucjonalne uwarunkowania sytuacji os\u00f3b z niepe\u0142nosprawno\u015bci\u0105 w Polsce.<\/li><li>Modu\u0142 II. \u0179r\u00f3d\u0142a sukces\u00f3w i niepowodze\u0144 instytucji wsparcia dla os\u00f3b z niepe\u0142nosprawno\u015bci\u0105, na przyk\u0142adzie wybranych dzia\u0142a\u0144 realizowanych ze \u015brodk\u00f3w PFRON.<\/li><li>Modu\u0142 III. Wyr\u00f3wnywanie szans w zatrudnieniu os\u00f3b z niepe\u0142nosprawno\u015bci\u0105. Dobre praktyki pracodawc\u00f3w. Do\u015bwiadczenia polskie i mi\u0119dzynarodowe<\/li><li>Modu\u0142 IV. Wej\u015bcie na rynek pracy niepe\u0142nosprawnych absolwent\u00f3w szk\u00f3\u0142 wy\u017cszych<\/li><li>Modu\u0142 V. Niepe\u0142nosprawni i niepe\u0142nosprawno\u015b\u0107 w nowych mediach<\/li><li>Modu\u0142 VI. Genderowy wymiar niepe\u0142nosprawno\u015bci.<\/li><\/ul>\t\t\t\t\t<\/div>\n\t\t\t\t\t\t<\/div>\n\t\t\t\t<\/div>\n\t\t\t\t\t\t<\/div>\n\t\t\t\t\t<\/div>\n\t\t<\/div>\n\t\t\t\t\t\t\t\t<\/div>\n\t\t\t\t\t<\/div>\n\t\t<\/section>\n\t\t\t\t<section class=\"elementor-section elementor-top-section elementor-element elementor-element-aa95ba2 elementor-section-full_width elementor-section-height-default elementor-section-height-default\" data-id=\"aa95ba2\" data-element_type=\"section\">\n\t\t\t\t\t\t<div class=\"elementor-container elementor-column-gap-default\">\n\t\t\t\t\t\t\t<div class=\"elementor-row\">\n\t\t\t\t\t<div class=\"elementor-column elementor-col-100 elementor-top-column elementor-element elementor-element-2c40ee5\" data-id=\"2c40ee5\" data-element_type=\"column\">\n\t\t\t<div class=\"elementor-column-wrap elementor-element-populated\">\n\t\t\t\t\t\t\t<div class=\"elementor-widget-wrap\">\n\t\t\t\t\t\t<div class=\"elementor-element elementor-element-4541a18 elementor-align-center elementor-widget elementor-widget-button\" data-id=\"4541a18\" data-element_type=\"widget\" data-widget_type=\"button.default\">\n\t\t\t\t<div class=\"elementor-widget-container\">\n\t\t\t\t\t<div class=\"elementor-button-wrapper\">\n\t\t\t<a href=\"http:\/\/polscyniepelnosprawni.agh.edu.pl\/wp-content\/uploads\/polscyniepelnosprawni.pdf\" target=\"_blank\" class=\"elementor-button-link elementor-button elementor-size-sm\" role=\"button\">\n\t\t\t\t\t\t<span class=\"elementor-button-content-wrapper\">\n\t\t\t\t\t\t<span class=\"elementor-button-text\">przeczytaj wi\u0119cej<\/span>\n\t\t<\/span>\n\t\t\t\t\t<\/a>\n\t\t<\/div>\n\t\t\t\t<\/div>\n\t\t\t\t<\/div>\n\t\t\t\t\t\t<\/div>\n\t\t\t\t\t<\/div>\n\t\t<\/div>\n\t\t\t\t\t\t\t\t<\/div>\n\t\t\t\t\t<\/div>\n\t\t<\/section>\n\t\t\t\t\t\t<\/div>\n\t\t\t\t\t\t<\/div>\n\t\t\t\t\t<\/div>\n\t\t","protected":false},"excerpt":{"rendered":"<p>Centrum Wiedzy o Dost\u0119pno\u015bci AGH (2025-2028) \u201eCentrum Wiedzy o Dost\u0119pno\u015bci AGH\u201d projekt\u202ffinansowany przez Narodowe Centrum Bada\u0144 i Rozwoju. w ramach Programu Fundusze Europejskie dla Rozwoju Spo\u0142ecznego 2021\u20132027, nr: FERS.03.01-IP.08-0245\/24-00.\u00a0 Multimodalno\u015b\u0107 w udost\u0119pnianiu kolekcji muzealnych dla os\u00f3b z niepe\u0142nosprawno\u015bciami &#8211; ewaluacja dost\u0119pnych rozwi\u0105za\u0144 Projekt realizowany z Ann\u0105 Olszewsk\u0105 otrzyma\u0142 dofnansowanie z&#8230;<\/p>\n","protected":false},"author":1,"featured_media":0,"parent":0,"menu_order":0,"comment_status":"closed","ping_status":"closed","template":"","meta":{"footnotes":""},"class_list":["post-1876","page","type-page","status-publish","hentry"],"_links":{"self":[{"href":"https:\/\/home.agh.edu.pl\/~zuchowsk\/index.php?rest_route=\/wp\/v2\/pages\/1876","targetHints":{"allow":["GET"]}}],"collection":[{"href":"https:\/\/home.agh.edu.pl\/~zuchowsk\/index.php?rest_route=\/wp\/v2\/pages"}],"about":[{"href":"https:\/\/home.agh.edu.pl\/~zuchowsk\/index.php?rest_route=\/wp\/v2\/types\/page"}],"author":[{"embeddable":true,"href":"https:\/\/home.agh.edu.pl\/~zuchowsk\/index.php?rest_route=\/wp\/v2\/users\/1"}],"replies":[{"embeddable":true,"href":"https:\/\/home.agh.edu.pl\/~zuchowsk\/index.php?rest_route=%2Fwp%2Fv2%2Fcomments&post=1876"}],"version-history":[{"count":58,"href":"https:\/\/home.agh.edu.pl\/~zuchowsk\/index.php?rest_route=\/wp\/v2\/pages\/1876\/revisions"}],"predecessor-version":[{"id":2567,"href":"https:\/\/home.agh.edu.pl\/~zuchowsk\/index.php?rest_route=\/wp\/v2\/pages\/1876\/revisions\/2567"}],"wp:attachment":[{"href":"https:\/\/home.agh.edu.pl\/~zuchowsk\/index.php?rest_route=%2Fwp%2Fv2%2Fmedia&parent=1876"}],"curies":[{"name":"wp","href":"https:\/\/api.w.org\/{rel}","templated":true}]}}