{"id":1955,"date":"2021-10-16T17:28:31","date_gmt":"2021-10-16T15:28:31","guid":{"rendered":"http:\/\/home.agh.edu.pl\/~zuchowsk\/?page_id=1955"},"modified":"2024-01-23T13:28:48","modified_gmt":"2024-01-23T12:28:48","slug":"ksiazki-i-czasopisma","status":"publish","type":"page","link":"https:\/\/home.agh.edu.pl\/~zuchowsk\/?page_id=1955","title":{"rendered":"Ksi\u0105\u017cki i czasopisma"},"content":{"rendered":"\t\t<div data-elementor-type=\"wp-page\" data-elementor-id=\"1955\" class=\"elementor elementor-1955\" data-elementor-settings=\"[]\">\n\t\t\t\t\t\t<div class=\"elementor-inner\">\n\t\t\t\t\t\t\t<div class=\"elementor-section-wrap\">\n\t\t\t\t\t\t\t<section class=\"elementor-section elementor-top-section elementor-element elementor-element-21b91ec elementor-section-boxed elementor-section-height-default elementor-section-height-default\" data-id=\"21b91ec\" data-element_type=\"section\">\n\t\t\t\t\t\t<div class=\"elementor-container elementor-column-gap-default\">\n\t\t\t\t\t\t\t<div class=\"elementor-row\">\n\t\t\t\t\t<div class=\"elementor-column elementor-col-50 elementor-top-column elementor-element elementor-element-1e94b39\" data-id=\"1e94b39\" data-element_type=\"column\">\n\t\t\t<div class=\"elementor-column-wrap elementor-element-populated\">\n\t\t\t\t\t\t\t<div class=\"elementor-widget-wrap\">\n\t\t\t\t\t\t<div class=\"elementor-element elementor-element-3af1cb3 elementor-widget elementor-widget-text-editor\" data-id=\"3af1cb3\" data-element_type=\"widget\" data-widget_type=\"text-editor.default\">\n\t\t\t\t<div class=\"elementor-widget-container\">\n\t\t\t\t\t\t\t\t<div class=\"elementor-text-editor elementor-clearfix\">\n\t\t\t\t<p><a href=\"http:\/\/czasopisma.uni.lodz.pl\/socjak\/issue\/view\/1542\/758\">Przegl\u0105d Socjologii Jako\u015bciowej, 2023, tom19, nr 3 &#8222;Rezyliencja os\u00f3b z niepe\u0142nosprawno\u015bciami&#8221;.<\/a><\/p><p>Pod redakcj\u0105 Jakuba Niedbalskiego, Marioli Rac\u0142aw i Doroty \u017buchowskiej-Skiby<\/p>\t\t\t\t\t<\/div>\n\t\t\t\t\t\t<\/div>\n\t\t\t\t<\/div>\n\t\t\t\t\t\t<\/div>\n\t\t\t\t\t<\/div>\n\t\t<\/div>\n\t\t\t\t<div class=\"elementor-column elementor-col-50 elementor-top-column elementor-element elementor-element-2f70482\" data-id=\"2f70482\" data-element_type=\"column\">\n\t\t\t<div class=\"elementor-column-wrap elementor-element-populated\">\n\t\t\t\t\t\t\t<div class=\"elementor-widget-wrap\">\n\t\t\t\t\t\t<div class=\"elementor-element elementor-element-542f09d elementor-widget elementor-widget-image\" data-id=\"542f09d\" data-element_type=\"widget\" data-widget_type=\"image.default\">\n\t\t\t\t<div class=\"elementor-widget-container\">\n\t\t\t\t\t\t\t\t<div class=\"elementor-image\">\n\t\t\t\t\t\t\t\t\t\t\t\t<img loading=\"lazy\" decoding=\"async\" width=\"759\" height=\"1024\" src=\"https:\/\/home.agh.edu.pl\/~zuchowsk\/wp-content\/uploads\/2024\/01\/PSJ-2023-759x1024.jpg\" class=\"attachment-large size-large\" alt=\"ok\u0142adka czasopisma Przegl\u0105d Socjologii Jako\u015bciowej\" srcset=\"https:\/\/home.agh.edu.pl\/~zuchowsk\/wp-content\/uploads\/2024\/01\/PSJ-2023-759x1024.jpg 759w, https:\/\/home.agh.edu.pl\/~zuchowsk\/wp-content\/uploads\/2024\/01\/PSJ-2023-222x300.jpg 222w, https:\/\/home.agh.edu.pl\/~zuchowsk\/wp-content\/uploads\/2024\/01\/PSJ-2023-768x1036.jpg 768w, https:\/\/home.agh.edu.pl\/~zuchowsk\/wp-content\/uploads\/2024\/01\/PSJ-2023.jpg 910w\" sizes=\"auto, (max-width: 759px) 100vw, 759px\" \/>\t\t\t\t\t\t\t\t\t\t\t\t\t\t<\/div>\n\t\t\t\t\t\t<\/div>\n\t\t\t\t<\/div>\n\t\t\t\t\t\t<\/div>\n\t\t\t\t\t<\/div>\n\t\t<\/div>\n\t\t\t\t\t\t\t\t<\/div>\n\t\t\t\t\t<\/div>\n\t\t<\/section>\n\t\t\t\t<section class=\"elementor-section elementor-top-section elementor-element elementor-element-9fb382d elementor-section-boxed elementor-section-height-default elementor-section-height-default\" data-id=\"9fb382d\" data-element_type=\"section\">\n\t\t\t\t\t\t<div class=\"elementor-container elementor-column-gap-default\">\n\t\t\t\t\t\t\t<div class=\"elementor-row\">\n\t\t\t\t\t<div class=\"elementor-column elementor-col-50 elementor-top-column elementor-element elementor-element-0c686a0\" data-id=\"0c686a0\" data-element_type=\"column\">\n\t\t\t<div class=\"elementor-column-wrap elementor-element-populated\">\n\t\t\t\t\t\t\t<div class=\"elementor-widget-wrap\">\n\t\t\t\t\t\t<div class=\"elementor-element elementor-element-2003851 elementor-widget elementor-widget-text-editor\" data-id=\"2003851\" data-element_type=\"widget\" data-widget_type=\"text-editor.default\">\n\t\t\t\t<div class=\"elementor-widget-container\">\n\t\t\t\t\t\t\t\t<div class=\"elementor-text-editor elementor-clearfix\">\n\t\t\t\t<p><a href=\"http:\/\/societas-communitas.isns.uw.edu.pl\/numery\/33\/start.php\">Societas\/ Communitas 1 (33) 2022 &#8222;<span style=\"font-size: 0.9375rem;\">Zjawisko przemocy w \u017cyciu os\u00f3b z niepe\u0142nosprawno\u015bciami&#8221;<\/span><\/a><\/p><p>Pod redakcj\u0105: Jakuba Niedbalskiego, Marioli Rac\u0142aw, El\u017cbiety Zakrzewskiej-Manterys, Doroty \u017buchowskaiej-Skiby<\/p>\t\t\t\t\t<\/div>\n\t\t\t\t\t\t<\/div>\n\t\t\t\t<\/div>\n\t\t\t\t\t\t<\/div>\n\t\t\t\t\t<\/div>\n\t\t<\/div>\n\t\t\t\t<div class=\"elementor-column elementor-col-50 elementor-top-column elementor-element elementor-element-210e536\" data-id=\"210e536\" data-element_type=\"column\">\n\t\t\t<div class=\"elementor-column-wrap elementor-element-populated\">\n\t\t\t\t\t\t\t<div class=\"elementor-widget-wrap\">\n\t\t\t\t\t\t<div class=\"elementor-element elementor-element-71ef95b elementor-widget elementor-widget-image\" data-id=\"71ef95b\" data-element_type=\"widget\" data-widget_type=\"image.default\">\n\t\t\t\t<div class=\"elementor-widget-container\">\n\t\t\t\t\t\t\t\t<div class=\"elementor-image\">\n\t\t\t\t\t\t\t\t\t\t\t\t<img loading=\"lazy\" decoding=\"async\" width=\"655\" height=\"963\" src=\"https:\/\/home.agh.edu.pl\/~zuchowsk\/wp-content\/uploads\/2023\/09\/okladka-S_C.png\" class=\"attachment-large size-large\" alt=\"ok\u0142adka czasopisma Societas\/ Communitas\" srcset=\"https:\/\/home.agh.edu.pl\/~zuchowsk\/wp-content\/uploads\/2023\/09\/okladka-S_C.png 655w, https:\/\/home.agh.edu.pl\/~zuchowsk\/wp-content\/uploads\/2023\/09\/okladka-S_C-204x300.png 204w\" sizes=\"auto, (max-width: 655px) 100vw, 655px\" \/>\t\t\t\t\t\t\t\t\t\t\t\t\t\t<\/div>\n\t\t\t\t\t\t<\/div>\n\t\t\t\t<\/div>\n\t\t\t\t\t\t<\/div>\n\t\t\t\t\t<\/div>\n\t\t<\/div>\n\t\t\t\t\t\t\t\t<\/div>\n\t\t\t\t\t<\/div>\n\t\t<\/section>\n\t\t\t\t<section class=\"elementor-section elementor-top-section elementor-element elementor-element-71cffc8 elementor-section-boxed elementor-section-height-default elementor-section-height-default\" data-id=\"71cffc8\" data-element_type=\"section\">\n\t\t\t\t\t\t<div class=\"elementor-container elementor-column-gap-default\">\n\t\t\t\t\t\t\t<div class=\"elementor-row\">\n\t\t\t\t\t<div class=\"elementor-column elementor-col-50 elementor-top-column elementor-element elementor-element-146c490\" data-id=\"146c490\" data-element_type=\"column\">\n\t\t\t<div class=\"elementor-column-wrap elementor-element-populated\">\n\t\t\t\t\t\t\t<div class=\"elementor-widget-wrap\">\n\t\t\t\t\t\t<div class=\"elementor-element elementor-element-28f665d elementor-widget elementor-widget-text-editor\" data-id=\"28f665d\" data-element_type=\"widget\" data-widget_type=\"text-editor.default\">\n\t\t\t\t<div class=\"elementor-widget-container\">\n\t\t\t\t\t\t\t\t<div class=\"elementor-text-editor elementor-clearfix\">\n\t\t\t\t<p><a href=\"https:\/\/journals.ltn.lodz.pl\/index.php\/Przeglad-Socjologiczny\/issue\/view\/348\">Przegl\u0105d Socjologiczny<\/a>\u00a03 (70) 2021. Redakcja: Jakub Niedbalski, Dorota \u017buchowska-Skiba, Mariola Rac\u0142aw, Sylwia M\u0119cfal.<\/p>\t\t\t\t\t<\/div>\n\t\t\t\t\t\t<\/div>\n\t\t\t\t<\/div>\n\t\t\t\t\t\t<\/div>\n\t\t\t\t\t<\/div>\n\t\t<\/div>\n\t\t\t\t<div class=\"elementor-column elementor-col-50 elementor-top-column elementor-element elementor-element-c7a16d4\" data-id=\"c7a16d4\" data-element_type=\"column\">\n\t\t\t<div class=\"elementor-column-wrap elementor-element-populated\">\n\t\t\t\t\t\t\t<div class=\"elementor-widget-wrap\">\n\t\t\t\t\t\t<div class=\"elementor-element elementor-element-c4fb0e8 elementor-widget elementor-widget-image\" data-id=\"c4fb0e8\" data-element_type=\"widget\" data-widget_type=\"image.default\">\n\t\t\t\t<div class=\"elementor-widget-container\">\n\t\t\t\t\t\t\t\t<div class=\"elementor-image\">\n\t\t\t\t\t\t\t\t\t\t\t\t<img loading=\"lazy\" decoding=\"async\" width=\"719\" height=\"1024\" src=\"https:\/\/home.agh.edu.pl\/~zuchowsk\/wp-content\/uploads\/2023\/09\/cover_issue_348_pl_PL-719x1024.jpg\" class=\"attachment-large size-large\" alt=\"ok\u0142adka &quot;Przegl\u0105d Socjologiczny&quot;\" srcset=\"https:\/\/home.agh.edu.pl\/~zuchowsk\/wp-content\/uploads\/2023\/09\/cover_issue_348_pl_PL-719x1024.jpg 719w, https:\/\/home.agh.edu.pl\/~zuchowsk\/wp-content\/uploads\/2023\/09\/cover_issue_348_pl_PL-211x300.jpg 211w, https:\/\/home.agh.edu.pl\/~zuchowsk\/wp-content\/uploads\/2023\/09\/cover_issue_348_pl_PL-768x1093.jpg 768w, https:\/\/home.agh.edu.pl\/~zuchowsk\/wp-content\/uploads\/2023\/09\/cover_issue_348_pl_PL-1079x1536.jpg 1079w, https:\/\/home.agh.edu.pl\/~zuchowsk\/wp-content\/uploads\/2023\/09\/cover_issue_348_pl_PL-1439x2048.jpg 1439w, https:\/\/home.agh.edu.pl\/~zuchowsk\/wp-content\/uploads\/2023\/09\/cover_issue_348_pl_PL-scaled.jpg 1798w\" sizes=\"auto, (max-width: 719px) 100vw, 719px\" \/>\t\t\t\t\t\t\t\t\t\t\t\t\t\t<\/div>\n\t\t\t\t\t\t<\/div>\n\t\t\t\t<\/div>\n\t\t\t\t\t\t<\/div>\n\t\t\t\t\t<\/div>\n\t\t<\/div>\n\t\t\t\t\t\t\t\t<\/div>\n\t\t\t\t\t<\/div>\n\t\t<\/section>\n\t\t\t\t<section class=\"elementor-section elementor-top-section elementor-element elementor-element-9507097 elementor-section-boxed elementor-section-height-default elementor-section-height-default\" data-id=\"9507097\" data-element_type=\"section\">\n\t\t\t\t\t\t<div class=\"elementor-container elementor-column-gap-default\">\n\t\t\t\t\t\t\t<div class=\"elementor-row\">\n\t\t\t\t\t<div class=\"elementor-column elementor-col-50 elementor-top-column elementor-element elementor-element-6f7bd1f\" data-id=\"6f7bd1f\" data-element_type=\"column\">\n\t\t\t<div class=\"elementor-column-wrap elementor-element-populated\">\n\t\t\t\t\t\t\t<div class=\"elementor-widget-wrap\">\n\t\t\t\t\t\t<div class=\"elementor-element elementor-element-c90095b elementor-widget elementor-widget-text-editor\" data-id=\"c90095b\" data-element_type=\"widget\" data-widget_type=\"text-editor.default\">\n\t\t\t\t<div class=\"elementor-widget-container\">\n\t\t\t\t\t\t\t\t<div class=\"elementor-text-editor elementor-clearfix\">\n\t\t\t\t<p class=\"product_title entry-title\"><a href=\"https:\/\/wydawnictwo.uni.lodz.pl\/wp-content\/uploads\/2022\/01\/Calek-i-in._Wirtualizacja.pdf\" target=\"_blank\" rel=\"noopener\">Wirtualizacja \u017cycia os\u00f3b z niepe\u0142nosprawno\u015bci\u0105<\/a><\/p><p>Grzegorz Ca\u0142ek, Jakub Niedbalski, Dorota \u017buchowska-Skiba, Mariola Rac\u0142aw<\/p><p>Wydawnictwo Uniwersytetu \u0141\u00f3dzkiego, \u0141\u00f3d\u017a 2021.<\/p>\t\t\t\t\t<\/div>\n\t\t\t\t\t\t<\/div>\n\t\t\t\t<\/div>\n\t\t\t\t\t\t<\/div>\n\t\t\t\t\t<\/div>\n\t\t<\/div>\n\t\t\t\t<div class=\"elementor-column elementor-col-50 elementor-top-column elementor-element elementor-element-a23880b\" data-id=\"a23880b\" data-element_type=\"column\">\n\t\t\t<div class=\"elementor-column-wrap elementor-element-populated\">\n\t\t\t\t\t\t\t<div class=\"elementor-widget-wrap\">\n\t\t\t\t\t\t<div class=\"elementor-element elementor-element-44164f1 elementor-widget elementor-widget-image\" data-id=\"44164f1\" data-element_type=\"widget\" data-widget_type=\"image.default\">\n\t\t\t\t<div class=\"elementor-widget-container\">\n\t\t\t\t\t\t\t\t<div class=\"elementor-image\">\n\t\t\t\t\t\t\t\t\t\t\t\t\t<a href=\"https:\/\/wydawnictwo.uni.lodz.pl\/produkt\/wirtualizacja-zycia-osob-z-niepelnosprawnoscia\">\n\t\t\t\t\t\t\t<img loading=\"lazy\" decoding=\"async\" width=\"563\" height=\"800\" src=\"https:\/\/home.agh.edu.pl\/~zuchowsk\/wp-content\/uploads\/2022\/01\/wirtualnosc-okladka.png\" class=\"attachment-large size-large\" alt=\"\" srcset=\"https:\/\/home.agh.edu.pl\/~zuchowsk\/wp-content\/uploads\/2022\/01\/wirtualnosc-okladka.png 563w, https:\/\/home.agh.edu.pl\/~zuchowsk\/wp-content\/uploads\/2022\/01\/wirtualnosc-okladka-211x300.png 211w\" sizes=\"auto, (max-width: 563px) 100vw, 563px\" \/>\t\t\t\t\t\t\t\t<\/a>\n\t\t\t\t\t\t\t\t\t\t\t\t\t\t<\/div>\n\t\t\t\t\t\t<\/div>\n\t\t\t\t<\/div>\n\t\t\t\t\t\t<\/div>\n\t\t\t\t\t<\/div>\n\t\t<\/div>\n\t\t\t\t\t\t\t\t<\/div>\n\t\t\t\t\t<\/div>\n\t\t<\/section>\n\t\t\t\t<section class=\"elementor-section elementor-top-section elementor-element elementor-element-35b0692 elementor-section-boxed elementor-section-height-default elementor-section-height-default\" data-id=\"35b0692\" data-element_type=\"section\">\n\t\t\t\t\t\t<div class=\"elementor-container elementor-column-gap-default\">\n\t\t\t\t\t\t\t<div class=\"elementor-row\">\n\t\t\t\t\t<div class=\"elementor-column elementor-col-50 elementor-top-column elementor-element elementor-element-a15cda3\" data-id=\"a15cda3\" data-element_type=\"column\">\n\t\t\t<div class=\"elementor-column-wrap elementor-element-populated\">\n\t\t\t\t\t\t\t<div class=\"elementor-widget-wrap\">\n\t\t\t\t\t\t<div class=\"elementor-element elementor-element-65a1bc1 elementor-widget elementor-widget-text-editor\" data-id=\"65a1bc1\" data-element_type=\"widget\" data-widget_type=\"text-editor.default\">\n\t\t\t\t<div class=\"elementor-widget-container\">\n\t\t\t\t\t\t\t\t<div class=\"elementor-text-editor elementor-clearfix\">\n\t\t\t\t<p class=\"product_title entry-title\"><a href=\"https:\/\/wydawnictwo.uni.lodz.pl\/wp-content\/uploads\/2021\/12\/Calek-i-in._Zrozumiec_niepe%C5%82nosprawnosc.pdf\" target=\"_blank\" rel=\"noopener\">Zrozumie\u0107 niepe\u0142nosprawno\u015b\u0107 Problemy \u2013 badania &#8211; refleksje<\/a><\/p><p>Grzegorz Ca\u0142ek, Jakub Niedbalski, Dorota \u017buchowska-Skiba, Mariola Rac\u0142aw<\/p><p>Wydawnictwo Uniwersytetu \u0141\u00f3dzkiego, \u0141\u00f3d\u017a 2021.<\/p>\t\t\t\t\t<\/div>\n\t\t\t\t\t\t<\/div>\n\t\t\t\t<\/div>\n\t\t\t\t\t\t<\/div>\n\t\t\t\t\t<\/div>\n\t\t<\/div>\n\t\t\t\t<div class=\"elementor-column elementor-col-50 elementor-top-column elementor-element elementor-element-673099e\" data-id=\"673099e\" data-element_type=\"column\">\n\t\t\t<div class=\"elementor-column-wrap elementor-element-populated\">\n\t\t\t\t\t\t\t<div class=\"elementor-widget-wrap\">\n\t\t\t\t\t\t<div class=\"elementor-element elementor-element-ad812ad elementor-widget elementor-widget-image\" data-id=\"ad812ad\" data-element_type=\"widget\" data-widget_type=\"image.default\">\n\t\t\t\t<div class=\"elementor-widget-container\">\n\t\t\t\t\t\t\t\t<div class=\"elementor-image\">\n\t\t\t\t\t\t\t\t\t\t\t\t\t<a href=\"https:\/\/wydawnictwo.uni.lodz.pl\/produkt\/zrozumiec-niepelnosprawnosc\/\">\n\t\t\t\t\t\t\t<img loading=\"lazy\" decoding=\"async\" width=\"721\" height=\"1024\" src=\"https:\/\/home.agh.edu.pl\/~zuchowsk\/wp-content\/uploads\/2022\/01\/Calek-i-in._Zrozumiec_okl-721x1024.jpg\" class=\"attachment-large size-large\" alt=\"Ok\u0142adka naz ielonym tle m\u0119\u017cczyzna z niepe\u0142nosprawno\u015bci\u0105 bawi\u0105cy si\u0119 z dziewczynk\u0105 i m\u0119\u017cczyzna z niepe\u0142nopsrawno\u015bci\u0105 kolo smoka wawelskiego\" srcset=\"https:\/\/home.agh.edu.pl\/~zuchowsk\/wp-content\/uploads\/2022\/01\/Calek-i-in._Zrozumiec_okl-721x1024.jpg 721w, https:\/\/home.agh.edu.pl\/~zuchowsk\/wp-content\/uploads\/2022\/01\/Calek-i-in._Zrozumiec_okl-211x300.jpg 211w, https:\/\/home.agh.edu.pl\/~zuchowsk\/wp-content\/uploads\/2022\/01\/Calek-i-in._Zrozumiec_okl-768x1091.jpg 768w, https:\/\/home.agh.edu.pl\/~zuchowsk\/wp-content\/uploads\/2022\/01\/Calek-i-in._Zrozumiec_okl-1081x1536.jpg 1081w, https:\/\/home.agh.edu.pl\/~zuchowsk\/wp-content\/uploads\/2022\/01\/Calek-i-in._Zrozumiec_okl-1442x2048.jpg 1442w, https:\/\/home.agh.edu.pl\/~zuchowsk\/wp-content\/uploads\/2022\/01\/Calek-i-in._Zrozumiec_okl-scaled.jpg 1802w\" sizes=\"auto, (max-width: 721px) 100vw, 721px\" \/>\t\t\t\t\t\t\t\t<\/a>\n\t\t\t\t\t\t\t\t\t\t\t\t\t\t<\/div>\n\t\t\t\t\t\t<\/div>\n\t\t\t\t<\/div>\n\t\t\t\t\t\t<\/div>\n\t\t\t\t\t<\/div>\n\t\t<\/div>\n\t\t\t\t\t\t\t\t<\/div>\n\t\t\t\t\t<\/div>\n\t\t<\/section>\n\t\t\t\t<section class=\"elementor-section elementor-top-section elementor-element elementor-element-d038ec2 elementor-section-boxed elementor-section-height-default elementor-section-height-default\" data-id=\"d038ec2\" data-element_type=\"section\">\n\t\t\t\t\t\t<div class=\"elementor-container elementor-column-gap-default\">\n\t\t\t\t\t\t\t<div class=\"elementor-row\">\n\t\t\t\t\t<div class=\"elementor-column elementor-col-50 elementor-top-column elementor-element elementor-element-4281ad0\" data-id=\"4281ad0\" data-element_type=\"column\">\n\t\t\t<div class=\"elementor-column-wrap elementor-element-populated\">\n\t\t\t\t\t\t\t<div class=\"elementor-widget-wrap\">\n\t\t\t\t\t\t<div class=\"elementor-element elementor-element-e967f7b elementor-widget elementor-widget-text-editor\" data-id=\"e967f7b\" data-element_type=\"widget\" data-widget_type=\"text-editor.default\">\n\t\t\t\t<div class=\"elementor-widget-container\">\n\t\t\t\t\t\t\t\t<div class=\"elementor-text-editor elementor-clearfix\">\n\t\t\t\t<p><a class=\"customize-unpreviewable\" role=\"link\" href=\"https:\/\/wydawnictwo.uni.lodz.pl\/produkt\/jak-badac-zjawisko-niepelnosprawnosci\/?fbclid=IwAR0275SXwukFZaL1Tygr9Knm3zSBG3INSoASLDffXZe24brIF9rG2rkpbBo\">Jak bada\u0107 zjawisko niepe\u0142nosprawno\u015bci Szanse i zagro\u017cenia za\u0142o\u017ce\u0144 teoretycznych i metodologicznych studi\u00f3w nad niepe\u0142nosprawno\u015bci\u0105<\/a>.<\/p><p>Wydawnictwo Uniwersytetu \u0141\u00f3dzkiego. \u0141\u00f3d\u017a 2020.<\/p><p>Pod red. Grzegorz Ca\u0142ek, Jakub Niedbalski, Dorota \u017buchowska-Skiba, \u0141\u00f3d\u017a 2020.<\/p>\t\t\t\t\t<\/div>\n\t\t\t\t\t\t<\/div>\n\t\t\t\t<\/div>\n\t\t\t\t\t\t<\/div>\n\t\t\t\t\t<\/div>\n\t\t<\/div>\n\t\t\t\t<div class=\"elementor-column elementor-col-50 elementor-top-column elementor-element elementor-element-840dcc2\" data-id=\"840dcc2\" data-element_type=\"column\">\n\t\t\t<div class=\"elementor-column-wrap elementor-element-populated\">\n\t\t\t\t\t\t\t<div class=\"elementor-widget-wrap\">\n\t\t\t\t\t\t<div class=\"elementor-element elementor-element-e5e5a6f elementor-widget elementor-widget-image\" data-id=\"e5e5a6f\" data-element_type=\"widget\" data-widget_type=\"image.default\">\n\t\t\t\t<div class=\"elementor-widget-container\">\n\t\t\t\t\t\t\t\t<div class=\"elementor-image\">\n\t\t\t\t\t\t\t\t\t\t\t\t<img loading=\"lazy\" decoding=\"async\" width=\"719\" height=\"1024\" src=\"https:\/\/home.agh.edu.pl\/~zuchowsk\/wp-content\/uploads\/2021\/10\/Calek-Jak-badac-scaled-1-719x1024.jpg\" class=\"attachment-large size-large\" alt=\"ok\u0142adka ksi\u0105zki na niebieskim tle tytu\u0142 ksi\u0105zki i czarnobia\u0142e zdj\u0119cie znaku osoby z niepe\u0142nosprawnosci\u0105 na w\u00f3zku po\u015br\u00f3d \u015bmieci.\" srcset=\"https:\/\/home.agh.edu.pl\/~zuchowsk\/wp-content\/uploads\/2021\/10\/Calek-Jak-badac-scaled-1-719x1024.jpg 719w, https:\/\/home.agh.edu.pl\/~zuchowsk\/wp-content\/uploads\/2021\/10\/Calek-Jak-badac-scaled-1-211x300.jpg 211w, https:\/\/home.agh.edu.pl\/~zuchowsk\/wp-content\/uploads\/2021\/10\/Calek-Jak-badac-scaled-1-768x1093.jpg 768w, https:\/\/home.agh.edu.pl\/~zuchowsk\/wp-content\/uploads\/2021\/10\/Calek-Jak-badac-scaled-1-1079x1536.jpg 1079w, https:\/\/home.agh.edu.pl\/~zuchowsk\/wp-content\/uploads\/2021\/10\/Calek-Jak-badac-scaled-1-1438x2048.jpg 1438w, https:\/\/home.agh.edu.pl\/~zuchowsk\/wp-content\/uploads\/2021\/10\/Calek-Jak-badac-scaled-1.jpg 1798w\" sizes=\"auto, (max-width: 719px) 100vw, 719px\" \/>\t\t\t\t\t\t\t\t\t\t\t\t\t\t<\/div>\n\t\t\t\t\t\t<\/div>\n\t\t\t\t<\/div>\n\t\t\t\t\t\t<\/div>\n\t\t\t\t\t<\/div>\n\t\t<\/div>\n\t\t\t\t\t\t\t\t<\/div>\n\t\t\t\t\t<\/div>\n\t\t<\/section>\n\t\t\t\t<section class=\"elementor-section elementor-top-section elementor-element elementor-element-a7bd89f elementor-section-boxed elementor-section-height-default elementor-section-height-default\" data-id=\"a7bd89f\" data-element_type=\"section\">\n\t\t\t\t\t\t<div class=\"elementor-container elementor-column-gap-default\">\n\t\t\t\t\t\t\t<div class=\"elementor-row\">\n\t\t\t\t\t<div class=\"elementor-column elementor-col-50 elementor-top-column elementor-element elementor-element-4ef782d\" data-id=\"4ef782d\" data-element_type=\"column\">\n\t\t\t<div class=\"elementor-column-wrap elementor-element-populated\">\n\t\t\t\t\t\t\t<div class=\"elementor-widget-wrap\">\n\t\t\t\t\t\t<div class=\"elementor-element elementor-element-818979e elementor-widget elementor-widget-text-editor\" data-id=\"818979e\" data-element_type=\"widget\" data-widget_type=\"text-editor.default\">\n\t\t\t\t<div class=\"elementor-widget-container\">\n\t\t\t\t\t\t\t\t<div class=\"elementor-text-editor elementor-clearfix\">\n\t\t\t\t<p class=\"elementor-image-box-title\"><a href=\"http:\/\/www.qualitativesociologyreview.org\/PL\/volume51_pl.php\">Przegl\u0105d Socjologii Jako\u015bciowej<span style=\"font-size: 0.9375rem;\">,2020, nr 3, &#8222;<\/span>P\u0142e\u0107 w badaniach nad niepe\u0142nosprawno\u015bci\u0105&#8221;.<\/a><\/p><p class=\"elementor-image-box-description\">Pod red. Jakub Niedbalski, Mariola Rac\u0142aw, Dorota \u017buchowska-Skiba<\/p>\t\t\t\t\t<\/div>\n\t\t\t\t\t\t<\/div>\n\t\t\t\t<\/div>\n\t\t\t\t\t\t<\/div>\n\t\t\t\t\t<\/div>\n\t\t<\/div>\n\t\t\t\t<div class=\"elementor-column elementor-col-50 elementor-top-column elementor-element elementor-element-6cd3f30\" data-id=\"6cd3f30\" data-element_type=\"column\">\n\t\t\t<div class=\"elementor-column-wrap elementor-element-populated\">\n\t\t\t\t\t\t\t<div class=\"elementor-widget-wrap\">\n\t\t\t\t\t\t<div class=\"elementor-element elementor-element-8a93b75 elementor-widget elementor-widget-image\" data-id=\"8a93b75\" data-element_type=\"widget\" data-widget_type=\"image.default\">\n\t\t\t\t<div class=\"elementor-widget-container\">\n\t\t\t\t\t\t\t\t<div class=\"elementor-image\">\n\t\t\t\t\t\t\t\t\t\t\t\t<img loading=\"lazy\" decoding=\"async\" width=\"210\" height=\"300\" src=\"https:\/\/home.agh.edu.pl\/~zuchowsk\/wp-content\/uploads\/2021\/10\/PSJcover_vol51.jpg\" class=\"attachment-large size-large\" alt=\"ok\u0142adka Przegl\u0105du Socjlogii Jakosciowej\" \/>\t\t\t\t\t\t\t\t\t\t\t\t\t\t<\/div>\n\t\t\t\t\t\t<\/div>\n\t\t\t\t<\/div>\n\t\t\t\t\t\t<\/div>\n\t\t\t\t\t<\/div>\n\t\t<\/div>\n\t\t\t\t\t\t\t\t<\/div>\n\t\t\t\t\t<\/div>\n\t\t<\/section>\n\t\t\t\t<section class=\"elementor-section elementor-top-section elementor-element elementor-element-1b4397a elementor-section-boxed elementor-section-height-default elementor-section-height-default\" data-id=\"1b4397a\" data-element_type=\"section\">\n\t\t\t\t\t\t<div class=\"elementor-container elementor-column-gap-default\">\n\t\t\t\t\t\t\t<div class=\"elementor-row\">\n\t\t\t\t\t<div class=\"elementor-column elementor-col-50 elementor-top-column elementor-element elementor-element-503f05b\" data-id=\"503f05b\" data-element_type=\"column\">\n\t\t\t<div class=\"elementor-column-wrap elementor-element-populated\">\n\t\t\t\t\t\t\t<div class=\"elementor-widget-wrap\">\n\t\t\t\t\t\t<div class=\"elementor-element elementor-element-d363f52 elementor-widget elementor-widget-text-editor\" data-id=\"d363f52\" data-element_type=\"widget\" data-widget_type=\"text-editor.default\">\n\t\t\t\t<div class=\"elementor-widget-container\">\n\t\t\t\t\t\t\t\t<div class=\"elementor-text-editor elementor-clearfix\">\n\t\t\t\t<p><a href=\"http:\/\/www.humanizacja-pracy.pl\/witryna\/2019.09\/Humanizacja%203%202019.pdf\"><span style=\"font-size: 0.9375rem;\">Humanizacja Pracy, nr 3, 2019. <\/span>Technologiczno-spo\u0142eczny wymiar sztucznej inteligencji.W\u0142adza algorytm\u00f3w?<\/a><\/p><p>Pod red. Marzena Mamak\u2013Zdanecka<br \/>Dorota \u017buchowska-Skiba<\/p>\t\t\t\t\t<\/div>\n\t\t\t\t\t\t<\/div>\n\t\t\t\t<\/div>\n\t\t\t\t\t\t<\/div>\n\t\t\t\t\t<\/div>\n\t\t<\/div>\n\t\t\t\t<div class=\"elementor-column elementor-col-50 elementor-top-column elementor-element elementor-element-e6f0555\" data-id=\"e6f0555\" data-element_type=\"column\">\n\t\t\t<div class=\"elementor-column-wrap elementor-element-populated\">\n\t\t\t\t\t\t\t<div class=\"elementor-widget-wrap\">\n\t\t\t\t\t\t<div class=\"elementor-element elementor-element-4bd9923 elementor-widget elementor-widget-image\" data-id=\"4bd9923\" data-element_type=\"widget\" data-widget_type=\"image.default\">\n\t\t\t\t<div class=\"elementor-widget-container\">\n\t\t\t\t\t\t\t\t<div class=\"elementor-image\">\n\t\t\t\t\t\t\t\t\t\t\t\t\t<a href=\"http:\/\/www.humanizacja-pracy.pl\/witryna\/2019.09\/Humanizacja%203%202019.pdf\" target=\"_blank\">\n\t\t\t\t\t\t\t<img loading=\"lazy\" decoding=\"async\" width=\"790\" height=\"936\" src=\"https:\/\/home.agh.edu.pl\/~zuchowsk\/wp-content\/uploads\/2021\/10\/Humanizacja-pracy0001-1-864x1024.jpg\" class=\"attachment-large size-large\" alt=\"\" srcset=\"https:\/\/home.agh.edu.pl\/~zuchowsk\/wp-content\/uploads\/2021\/10\/Humanizacja-pracy0001-1-864x1024.jpg 864w, https:\/\/home.agh.edu.pl\/~zuchowsk\/wp-content\/uploads\/2021\/10\/Humanizacja-pracy0001-1-253x300.jpg 253w, https:\/\/home.agh.edu.pl\/~zuchowsk\/wp-content\/uploads\/2021\/10\/Humanizacja-pracy0001-1-768x911.jpg 768w, https:\/\/home.agh.edu.pl\/~zuchowsk\/wp-content\/uploads\/2021\/10\/Humanizacja-pracy0001-1-1296x1536.jpg 1296w, https:\/\/home.agh.edu.pl\/~zuchowsk\/wp-content\/uploads\/2021\/10\/Humanizacja-pracy0001-1-1727x2048.jpg 1727w\" sizes=\"auto, (max-width: 790px) 100vw, 790px\" \/>\t\t\t\t\t\t\t\t<\/a>\n\t\t\t\t\t\t\t\t\t\t\t\t\t\t<\/div>\n\t\t\t\t\t\t<\/div>\n\t\t\t\t<\/div>\n\t\t\t\t\t\t<\/div>\n\t\t\t\t\t<\/div>\n\t\t<\/div>\n\t\t\t\t\t\t\t\t<\/div>\n\t\t\t\t\t<\/div>\n\t\t<\/section>\n\t\t\t\t<section class=\"elementor-section elementor-top-section elementor-element elementor-element-a2cf25c elementor-section-boxed elementor-section-height-default elementor-section-height-default\" data-id=\"a2cf25c\" data-element_type=\"section\">\n\t\t\t\t\t\t<div class=\"elementor-container elementor-column-gap-default\">\n\t\t\t\t\t\t\t<div class=\"elementor-row\">\n\t\t\t\t\t<div class=\"elementor-column elementor-col-50 elementor-top-column elementor-element elementor-element-60348ce\" data-id=\"60348ce\" data-element_type=\"column\">\n\t\t\t<div class=\"elementor-column-wrap elementor-element-populated\">\n\t\t\t\t\t\t\t<div class=\"elementor-widget-wrap\">\n\t\t\t\t\t\t<div class=\"elementor-element elementor-element-bd7b9e9 elementor-widget elementor-widget-text-editor\" data-id=\"bd7b9e9\" data-element_type=\"widget\" data-widget_type=\"text-editor.default\">\n\t\t\t\t<div class=\"elementor-widget-container\">\n\t\t\t\t\t\t\t\t<div class=\"elementor-text-editor elementor-clearfix\">\n\t\t\t\t<p><a class=\"title\" href=\"https:\/\/czasopisma.uni.lodz.pl\/sociologica\/issue\/view\/165\">Poza wykluczeniem i marginalizacj\u0105. Pytanie o aktywno\u015b\u0107 os\u00f3b niepe\u0142nosprawnych w r\u00f3\u017cnych sferach \u017cycia codziennego i dzia\u0142ania instytucji<\/a>.\u00a0<\/p><p>Acta Universitatis Lodziensis. Folia Sociologica, nr 60, 2017.<\/p><p>numer tematyczny, red. Jakub Niedbalski, Mariola Rac\u0142aw, Dorota \u017buchowska-Skiba<\/p>\t\t\t\t\t<\/div>\n\t\t\t\t\t\t<\/div>\n\t\t\t\t<\/div>\n\t\t\t\t\t\t<\/div>\n\t\t\t\t\t<\/div>\n\t\t<\/div>\n\t\t\t\t<div class=\"elementor-column elementor-col-50 elementor-top-column elementor-element elementor-element-8c56729\" data-id=\"8c56729\" data-element_type=\"column\">\n\t\t\t<div class=\"elementor-column-wrap elementor-element-populated\">\n\t\t\t\t\t\t\t<div class=\"elementor-widget-wrap\">\n\t\t\t\t\t\t<div class=\"elementor-element elementor-element-9beb6a0 elementor-widget elementor-widget-image\" data-id=\"9beb6a0\" data-element_type=\"widget\" data-widget_type=\"image.default\">\n\t\t\t\t<div class=\"elementor-widget-container\">\n\t\t\t\t\t\t\t\t<div class=\"elementor-image\">\n\t\t\t\t\t\t\t\t\t\t\t\t<img loading=\"lazy\" decoding=\"async\" width=\"703\" height=\"1024\" src=\"https:\/\/home.agh.edu.pl\/~zuchowsk\/wp-content\/uploads\/2021\/10\/cover_issue_165_pl_PL-703x1024.jpg\" class=\"attachment-large size-large\" alt=\"okladka czasopisma Acta Universitatis Lodziensis. Folia Sociologica.\" srcset=\"https:\/\/home.agh.edu.pl\/~zuchowsk\/wp-content\/uploads\/2021\/10\/cover_issue_165_pl_PL-703x1024.jpg 703w, https:\/\/home.agh.edu.pl\/~zuchowsk\/wp-content\/uploads\/2021\/10\/cover_issue_165_pl_PL-206x300.jpg 206w, https:\/\/home.agh.edu.pl\/~zuchowsk\/wp-content\/uploads\/2021\/10\/cover_issue_165_pl_PL-768x1118.jpg 768w, https:\/\/home.agh.edu.pl\/~zuchowsk\/wp-content\/uploads\/2021\/10\/cover_issue_165_pl_PL-1055x1536.jpg 1055w, https:\/\/home.agh.edu.pl\/~zuchowsk\/wp-content\/uploads\/2021\/10\/cover_issue_165_pl_PL.jpg 1292w\" sizes=\"auto, (max-width: 703px) 100vw, 703px\" \/>\t\t\t\t\t\t\t\t\t\t\t\t\t\t<\/div>\n\t\t\t\t\t\t<\/div>\n\t\t\t\t<\/div>\n\t\t\t\t\t\t<\/div>\n\t\t\t\t\t<\/div>\n\t\t<\/div>\n\t\t\t\t\t\t\t\t<\/div>\n\t\t\t\t\t<\/div>\n\t\t<\/section>\n\t\t\t\t<section class=\"elementor-section elementor-top-section elementor-element elementor-element-b2f9302 elementor-section-boxed elementor-section-height-default elementor-section-height-default\" data-id=\"b2f9302\" data-element_type=\"section\">\n\t\t\t\t\t\t<div class=\"elementor-container elementor-column-gap-default\">\n\t\t\t\t\t\t\t<div class=\"elementor-row\">\n\t\t\t\t\t<div class=\"elementor-column elementor-col-50 elementor-top-column elementor-element elementor-element-173e49e\" data-id=\"173e49e\" data-element_type=\"column\">\n\t\t\t<div class=\"elementor-column-wrap elementor-element-populated\">\n\t\t\t\t\t\t\t<div class=\"elementor-widget-wrap\">\n\t\t\t\t\t\t<div class=\"elementor-element elementor-element-8c35268 elementor-widget elementor-widget-text-editor\" data-id=\"8c35268\" data-element_type=\"widget\" data-widget_type=\"text-editor.default\">\n\t\t\t\t<div class=\"elementor-widget-container\">\n\t\t\t\t\t\t\t\t<div class=\"elementor-text-editor elementor-clearfix\">\n\t\t\t\t<p><span title=\"wydawnictwo\"><a href=\"https:\/\/www.researchgate.net\/publication\/327416530_Oblicza_niepelnosprawnosci_w_teorii_i_praktyce\" target=\"_blank\" rel=\"noopener\">Oblicza niepe\u0142nosprawno\u015bci w teorii i praktyce.<\/a>\u00a0Wydawnictwo Uniwersytetu \u0141\u00f3dzkiego<\/span><em title=\"tytu\u0142 publikacji\">, <\/em><span title=\"wydawnictwo\">\u0141\u00f3d\u017a 2017.<\/span><\/p><p><span title=\"odpowiedzialno\u015b\u0107\">red. Jakub Niedbalski, Mariola Rac\u0142aw, Dorota \u017buchowska-Skiba<\/span>.\u00a0<\/p>\t\t\t\t\t<\/div>\n\t\t\t\t\t\t<\/div>\n\t\t\t\t<\/div>\n\t\t\t\t\t\t<\/div>\n\t\t\t\t\t<\/div>\n\t\t<\/div>\n\t\t\t\t<div class=\"elementor-column elementor-col-50 elementor-top-column elementor-element elementor-element-dfe076f\" data-id=\"dfe076f\" data-element_type=\"column\">\n\t\t\t<div class=\"elementor-column-wrap elementor-element-populated\">\n\t\t\t\t\t\t\t<div class=\"elementor-widget-wrap\">\n\t\t\t\t\t\t<div class=\"elementor-element elementor-element-c434606 elementor-widget elementor-widget-image\" data-id=\"c434606\" data-element_type=\"widget\" data-widget_type=\"image.default\">\n\t\t\t\t<div class=\"elementor-widget-container\">\n\t\t\t\t\t\t\t\t<div class=\"elementor-image\">\n\t\t\t\t\t\t\t\t\t\t\t\t<img loading=\"lazy\" decoding=\"async\" width=\"260\" height=\"370\" src=\"https:\/\/home.agh.edu.pl\/~zuchowsk\/wp-content\/uploads\/2021\/10\/OKLADKA__Strona_1-260x370-1.jpg\" class=\"attachment-large size-large\" alt=\"\" srcset=\"https:\/\/home.agh.edu.pl\/~zuchowsk\/wp-content\/uploads\/2021\/10\/OKLADKA__Strona_1-260x370-1.jpg 260w, https:\/\/home.agh.edu.pl\/~zuchowsk\/wp-content\/uploads\/2021\/10\/OKLADKA__Strona_1-260x370-1-211x300.jpg 211w\" sizes=\"auto, (max-width: 260px) 100vw, 260px\" \/>\t\t\t\t\t\t\t\t\t\t\t\t\t\t<\/div>\n\t\t\t\t\t\t<\/div>\n\t\t\t\t<\/div>\n\t\t\t\t\t\t<\/div>\n\t\t\t\t\t<\/div>\n\t\t<\/div>\n\t\t\t\t\t\t\t\t<\/div>\n\t\t\t\t\t<\/div>\n\t\t<\/section>\n\t\t\t\t<section class=\"elementor-section elementor-top-section elementor-element elementor-element-eadc9c6 elementor-section-boxed elementor-section-height-default elementor-section-height-default\" data-id=\"eadc9c6\" data-element_type=\"section\">\n\t\t\t\t\t\t<div class=\"elementor-container elementor-column-gap-default\">\n\t\t\t\t\t\t\t<div class=\"elementor-row\">\n\t\t\t\t\t<div class=\"elementor-column elementor-col-50 elementor-top-column elementor-element elementor-element-928689f\" data-id=\"928689f\" data-element_type=\"column\">\n\t\t\t<div class=\"elementor-column-wrap elementor-element-populated\">\n\t\t\t\t\t\t\t<div class=\"elementor-widget-wrap\">\n\t\t\t\t\t\t<div class=\"elementor-element elementor-element-422699a elementor-widget elementor-widget-text-editor\" data-id=\"422699a\" data-element_type=\"widget\" data-widget_type=\"text-editor.default\">\n\t\t\t\t<div class=\"elementor-widget-container\">\n\t\t\t\t\t\t\t\t<div class=\"elementor-text-editor elementor-clearfix\">\n\t\t\t\t<div id=\"gsc_oci_title_wrapper\">\n<div id=\"gsc_oci_title\"><a class=\"gsc_oci_title_link\" href=\"https:\/\/depot.ceon.pl\/bitstream\/handle\/123456789\/13591\/Maslyk_Migaczewska_Stojkow_Zuchowska_Aktywni_niepelnosprawni.pdf?sequence=1\" data-clk=\"hl=pl&amp;sa=T&amp;ei=Eqt1YfPTFeCTy9YPksun6AQ\">Aktywni niepe\u0142nosprawni? Obywatelski i spo\u0142eczny potencja\u0142 \u015brodowiska os\u00f3b&nbsp;<\/a><a href=\"https:\/\/depot.ceon.pl\/bitstream\/handle\/123456789\/13591\/Maslyk_Migaczewska_Stojkow_Zuchowska_Aktywni_niepelnosprawni.pdf?sequence=1\" target=\"_blank\" rel=\"noopener\">niepe\u0142nosprawnych<\/a>. Wydawnictwo AGH, Krak\u00f3w 2016.<\/div>\n<div id=\"gsc_oci_title\">&nbsp;<\/div>\n<\/div>\n<div id=\"gsc_oci_table\">\n<div class=\"gs_scl\">\n<div class=\"gsc_oci_field\">Tomasz Mas\u0142yk, Ewa Migaczewska, Maria Stojkow, Dorota \u017buchowska-Skiba<\/div>\n<\/div>\n<\/div>\t\t\t\t\t<\/div>\n\t\t\t\t\t\t<\/div>\n\t\t\t\t<\/div>\n\t\t\t\t\t\t<\/div>\n\t\t\t\t\t<\/div>\n\t\t<\/div>\n\t\t\t\t<div class=\"elementor-column elementor-col-50 elementor-top-column elementor-element elementor-element-14f51ed\" data-id=\"14f51ed\" data-element_type=\"column\">\n\t\t\t<div class=\"elementor-column-wrap elementor-element-populated\">\n\t\t\t\t\t\t\t<div class=\"elementor-widget-wrap\">\n\t\t\t\t\t\t<div class=\"elementor-element elementor-element-0b68421 elementor-widget elementor-widget-image\" data-id=\"0b68421\" data-element_type=\"widget\" data-widget_type=\"image.default\">\n\t\t\t\t<div class=\"elementor-widget-container\">\n\t\t\t\t\t\t\t\t<div class=\"elementor-image\">\n\t\t\t\t\t\t\t\t\t\t\t\t<img loading=\"lazy\" decoding=\"async\" width=\"125\" height=\"184\" src=\"https:\/\/home.agh.edu.pl\/~zuchowsk\/wp-content\/uploads\/2021\/10\/maxi_p643959627.jpg\" class=\"attachment-large size-large\" alt=\"\" \/>\t\t\t\t\t\t\t\t\t\t\t\t\t\t<\/div>\n\t\t\t\t\t\t<\/div>\n\t\t\t\t<\/div>\n\t\t\t\t\t\t<\/div>\n\t\t\t\t\t<\/div>\n\t\t<\/div>\n\t\t\t\t\t\t\t\t<\/div>\n\t\t\t\t\t<\/div>\n\t\t<\/section>\n\t\t\t\t<section class=\"elementor-section elementor-top-section elementor-element elementor-element-18ca984 elementor-section-boxed elementor-section-height-default elementor-section-height-default\" data-id=\"18ca984\" data-element_type=\"section\">\n\t\t\t\t\t\t<div class=\"elementor-container elementor-column-gap-default\">\n\t\t\t\t\t\t\t<div class=\"elementor-row\">\n\t\t\t\t\t<div class=\"elementor-column elementor-col-50 elementor-top-column elementor-element elementor-element-2b009cd\" data-id=\"2b009cd\" data-element_type=\"column\">\n\t\t\t<div class=\"elementor-column-wrap elementor-element-populated\">\n\t\t\t\t\t\t\t<div class=\"elementor-widget-wrap\">\n\t\t\t\t\t\t<div class=\"elementor-element elementor-element-e01499e elementor-widget elementor-widget-text-editor\" data-id=\"e01499e\" data-element_type=\"widget\" data-widget_type=\"text-editor.default\">\n\t\t\t\t<div class=\"elementor-widget-container\">\n\t\t\t\t\t\t\t\t<div class=\"elementor-text-editor elementor-clearfix\">\n\t\t\t\t<p><a href=\"https:\/\/www.researchgate.net\/publication\/312523865_Aktywnosc_srodowisk_osob_niepelnosprawnych_we_wspolczesnej_Polsce\" target=\"_blank\" rel=\"noopener\">Aktywno\u015b\u0107 \u015brodowisk os\u00f3b niepe\u0142nosprawnych we wsp\u00f3\u0142czesnej Polsce.<\/a>\u00a0Wydawnictwo IFiS PAN, 2016.<\/p><p>\u017buchowska-Skiba, Dorota<\/p>\t\t\t\t\t<\/div>\n\t\t\t\t\t\t<\/div>\n\t\t\t\t<\/div>\n\t\t\t\t\t\t<\/div>\n\t\t\t\t\t<\/div>\n\t\t<\/div>\n\t\t\t\t<div class=\"elementor-column elementor-col-50 elementor-top-column elementor-element elementor-element-967aa74\" data-id=\"967aa74\" data-element_type=\"column\">\n\t\t\t<div class=\"elementor-column-wrap elementor-element-populated\">\n\t\t\t\t\t\t\t<div class=\"elementor-widget-wrap\">\n\t\t\t\t\t\t<div class=\"elementor-element elementor-element-20a0a8c elementor-widget elementor-widget-image\" data-id=\"20a0a8c\" data-element_type=\"widget\" data-widget_type=\"image.default\">\n\t\t\t\t<div class=\"elementor-widget-container\">\n\t\t\t\t\t\t\t\t<div class=\"elementor-image\">\n\t\t\t\t\t\t\t\t\t\t\t\t<img loading=\"lazy\" decoding=\"async\" width=\"300\" height=\"470\" src=\"https:\/\/home.agh.edu.pl\/~zuchowsk\/wp-content\/uploads\/2021\/10\/Zuchowska_Niepelnosprawni_okladka-300x470-1.jpg\" class=\"attachment-large size-large\" alt=\"ok\u0142adka na zielony tle sylwetki ludzi\" srcset=\"https:\/\/home.agh.edu.pl\/~zuchowsk\/wp-content\/uploads\/2021\/10\/Zuchowska_Niepelnosprawni_okladka-300x470-1.jpg 300w, https:\/\/home.agh.edu.pl\/~zuchowsk\/wp-content\/uploads\/2021\/10\/Zuchowska_Niepelnosprawni_okladka-300x470-1-191x300.jpg 191w\" sizes=\"auto, (max-width: 300px) 100vw, 300px\" \/>\t\t\t\t\t\t\t\t\t\t\t\t\t\t<\/div>\n\t\t\t\t\t\t<\/div>\n\t\t\t\t<\/div>\n\t\t\t\t\t\t<\/div>\n\t\t\t\t\t<\/div>\n\t\t<\/div>\n\t\t\t\t\t\t\t\t<\/div>\n\t\t\t\t\t<\/div>\n\t\t<\/section>\n\t\t\t\t<section class=\"elementor-section elementor-top-section elementor-element elementor-element-36b62dc elementor-section-boxed elementor-section-height-default elementor-section-height-default\" data-id=\"36b62dc\" data-element_type=\"section\">\n\t\t\t\t\t\t<div class=\"elementor-container elementor-column-gap-default\">\n\t\t\t\t\t\t\t<div class=\"elementor-row\">\n\t\t\t\t\t<div class=\"elementor-column elementor-col-50 elementor-top-column elementor-element elementor-element-beb36ab\" data-id=\"beb36ab\" data-element_type=\"column\">\n\t\t\t<div class=\"elementor-column-wrap elementor-element-populated\">\n\t\t\t\t\t\t\t<div class=\"elementor-widget-wrap\">\n\t\t\t\t\t\t<div class=\"elementor-element elementor-element-0e7834c elementor-widget elementor-widget-text-editor\" data-id=\"0e7834c\" data-element_type=\"widget\" data-widget_type=\"text-editor.default\">\n\t\t\t\t<div class=\"elementor-widget-container\">\n\t\t\t\t\t\t\t\t<div class=\"elementor-text-editor elementor-clearfix\">\n\t\t\t\t<p><a href=\"http:\/\/Polscy niepe\u0142nosprawni: pomi\u0119dzy deklaracjami a realiami\" data-wplink-url-error=\"true\">Polscy niepe\u0142nosprawni: pomi\u0119dzy deklaracjami a realiami<\/a>. Wydawnictwo AGH, Krak\u00f3w 2015.<\/p><p>red. Barbara G\u0105ciarz, Seweryn Rudnicki, Dorota \u017buchowska-Skiba.<\/p>\t\t\t\t\t<\/div>\n\t\t\t\t\t\t<\/div>\n\t\t\t\t<\/div>\n\t\t\t\t\t\t<\/div>\n\t\t\t\t\t<\/div>\n\t\t<\/div>\n\t\t\t\t<div class=\"elementor-column elementor-col-50 elementor-top-column elementor-element elementor-element-6ac4b3c\" data-id=\"6ac4b3c\" data-element_type=\"column\">\n\t\t\t<div class=\"elementor-column-wrap elementor-element-populated\">\n\t\t\t\t\t\t\t<div class=\"elementor-widget-wrap\">\n\t\t\t\t\t\t<div class=\"elementor-element elementor-element-e7ed800 elementor-widget elementor-widget-image\" data-id=\"e7ed800\" data-element_type=\"widget\" data-widget_type=\"image.default\">\n\t\t\t\t<div class=\"elementor-widget-container\">\n\t\t\t\t\t\t\t\t<div class=\"elementor-image\">\n\t\t\t\t\t\t\t\t\t\t\t\t<img loading=\"lazy\" decoding=\"async\" width=\"100\" height=\"147\" src=\"https:\/\/home.agh.edu.pl\/~zuchowsk\/wp-content\/uploads\/2021\/10\/mini_p614538957.jpg\" class=\"attachment-large size-large\" alt=\"\" \/>\t\t\t\t\t\t\t\t\t\t\t\t\t\t<\/div>\n\t\t\t\t\t\t<\/div>\n\t\t\t\t<\/div>\n\t\t\t\t\t\t<\/div>\n\t\t\t\t\t<\/div>\n\t\t<\/div>\n\t\t\t\t\t\t\t\t<\/div>\n\t\t\t\t\t<\/div>\n\t\t<\/section>\n\t\t\t\t<section class=\"elementor-section elementor-top-section elementor-element elementor-element-eb90945 elementor-section-boxed elementor-section-height-default elementor-section-height-default\" data-id=\"eb90945\" data-element_type=\"section\">\n\t\t\t\t\t\t<div class=\"elementor-container elementor-column-gap-default\">\n\t\t\t\t\t\t\t<div class=\"elementor-row\">\n\t\t\t\t\t<div class=\"elementor-column elementor-col-50 elementor-top-column elementor-element elementor-element-38fc343\" data-id=\"38fc343\" data-element_type=\"column\">\n\t\t\t<div class=\"elementor-column-wrap elementor-element-populated\">\n\t\t\t\t\t\t\t<div class=\"elementor-widget-wrap\">\n\t\t\t\t\t\t<div class=\"elementor-element elementor-element-c7065c9 elementor-widget elementor-widget-text-editor\" data-id=\"c7065c9\" data-element_type=\"widget\" data-widget_type=\"text-editor.default\">\n\t\t\t\t<div class=\"elementor-widget-container\">\n\t\t\t\t\t\t\t\t<div class=\"elementor-text-editor elementor-clearfix\">\n\t\t\t\t<p><em title=\"tytu\u0142 publikacji\"><a href=\"https:\/\/www.researchgate.net\/publication\/312587487_Technokultura_transhumanizm_i_sztuka_cyfrowa\">Technokultura: transhumanizm i sztuka cyfrowa.<\/a> <\/em><span title=\"odpowiedzialno\u015b\u0107\"> <span title=\"wydawnictwo\">Krak\u00f3w : Wydawnictwo LIBRON &#8211; Filip Lohner<\/span>. <span title=\"rok wydania\">2016<\/span>.<\/span><\/p><p><span title=\"odpowiedzialno\u015b\u0107\">red. Damian Ga\u0142uszka, Grzegorz Ptaszek, Dorota \u017buchowska-Skiba<\/span>. \u00a0<\/p>\t\t\t\t\t<\/div>\n\t\t\t\t\t\t<\/div>\n\t\t\t\t<\/div>\n\t\t\t\t\t\t<\/div>\n\t\t\t\t\t<\/div>\n\t\t<\/div>\n\t\t\t\t<div class=\"elementor-column elementor-col-50 elementor-top-column elementor-element elementor-element-7349d54\" data-id=\"7349d54\" data-element_type=\"column\">\n\t\t\t<div class=\"elementor-column-wrap elementor-element-populated\">\n\t\t\t\t\t\t\t<div class=\"elementor-widget-wrap\">\n\t\t\t\t\t\t<div class=\"elementor-element elementor-element-aae3300 elementor-widget elementor-widget-image\" data-id=\"aae3300\" data-element_type=\"widget\" data-widget_type=\"image.default\">\n\t\t\t\t<div class=\"elementor-widget-container\">\n\t\t\t\t\t\t\t\t<div class=\"elementor-image\">\n\t\t\t\t\t\t\t\t\t\t\t\t\t<a href=\"http:\/\/libron.pl\/katalog\/czytaj\/id\/216\">\n\t\t\t\t\t\t\t<img loading=\"lazy\" decoding=\"async\" width=\"170\" height=\"225\" src=\"https:\/\/home.agh.edu.pl\/~zuchowsk\/wp-content\/uploads\/2021\/10\/tech4819ad8d483a5e0518be6a7ffecfb7dd6b0ea5e3.jpg\" class=\"attachment-large size-large\" alt=\"\" \/>\t\t\t\t\t\t\t\t<\/a>\n\t\t\t\t\t\t\t\t\t\t\t\t\t\t<\/div>\n\t\t\t\t\t\t<\/div>\n\t\t\t\t<\/div>\n\t\t\t\t\t\t<\/div>\n\t\t\t\t\t<\/div>\n\t\t<\/div>\n\t\t\t\t\t\t\t\t<\/div>\n\t\t\t\t\t<\/div>\n\t\t<\/section>\n\t\t\t\t<section class=\"elementor-section elementor-top-section elementor-element elementor-element-39a9030 elementor-section-boxed elementor-section-height-default elementor-section-height-default\" data-id=\"39a9030\" data-element_type=\"section\">\n\t\t\t\t\t\t<div class=\"elementor-container elementor-column-gap-default\">\n\t\t\t\t\t\t\t<div class=\"elementor-row\">\n\t\t\t\t\t<div class=\"elementor-column elementor-col-50 elementor-top-column elementor-element elementor-element-8b326b3\" data-id=\"8b326b3\" data-element_type=\"column\">\n\t\t\t<div class=\"elementor-column-wrap elementor-element-populated\">\n\t\t\t\t\t\t\t<div class=\"elementor-widget-wrap\">\n\t\t\t\t\t\t<div class=\"elementor-element elementor-element-929da31 elementor-widget elementor-widget-text-editor\" data-id=\"929da31\" data-element_type=\"widget\" data-widget_type=\"text-editor.default\">\n\t\t\t\t<div class=\"elementor-widget-container\">\n\t\t\t\t\t\t\t\t<div class=\"elementor-text-editor elementor-clearfix\">\n\t\t\t\t<p class=\"single_title header_2 indent_5 color_green\"><span title=\"wydawnictwo\"><a href=\"https:\/\/www.researchgate.net\/publication\/312587196_Technologiczno-spoleczne_oblicza_XXI_wieku\" target=\"_blank\" rel=\"noopener\">Technologiczno-spo\u0142eczne oblicza XXI wieku.\u00a0<\/a>Krak\u00f3w : Wydawnictwo LIBRON &#8211; Filip Lohner<\/span>. <span title=\"rok wydania\">2016<\/span>.<\/p><p><span title=\"odpowiedzialno\u015b\u0107\">red. Damian Ga\u0142uszka, Grzegorz Ptaszek, Dorota \u017buchowska-Skiba<\/span>. \u00a0<\/p>\t\t\t\t\t<\/div>\n\t\t\t\t\t\t<\/div>\n\t\t\t\t<\/div>\n\t\t\t\t\t\t<\/div>\n\t\t\t\t\t<\/div>\n\t\t<\/div>\n\t\t\t\t<div class=\"elementor-column elementor-col-50 elementor-top-column elementor-element elementor-element-76e1ad9\" data-id=\"76e1ad9\" data-element_type=\"column\">\n\t\t\t<div class=\"elementor-column-wrap elementor-element-populated\">\n\t\t\t\t\t\t\t<div class=\"elementor-widget-wrap\">\n\t\t\t\t\t\t<div class=\"elementor-element elementor-element-9a1dada elementor-widget elementor-widget-image\" data-id=\"9a1dada\" data-element_type=\"widget\" data-widget_type=\"image.default\">\n\t\t\t\t<div class=\"elementor-widget-container\">\n\t\t\t\t\t\t\t\t<div class=\"elementor-image\">\n\t\t\t\t\t\t\t\t\t\t\t\t\t<a href=\"http:\/\/libron.pl\/katalog\/czytaj\/id\/232\">\n\t\t\t\t\t\t\t<img loading=\"lazy\" decoding=\"async\" width=\"170\" height=\"225\" src=\"https:\/\/home.agh.edu.pl\/~zuchowsk\/wp-content\/uploads\/2021\/10\/techspol.jpg\" class=\"attachment-large size-large\" alt=\"ok\u0142adka na pomara\u0144czowym tle przechylony drogowskaz z napisem &quot;Technology square&quot;\" \/>\t\t\t\t\t\t\t\t<\/a>\n\t\t\t\t\t\t\t\t\t\t\t\t\t\t<\/div>\n\t\t\t\t\t\t<\/div>\n\t\t\t\t<\/div>\n\t\t\t\t\t\t<\/div>\n\t\t\t\t\t<\/div>\n\t\t<\/div>\n\t\t\t\t\t\t\t\t<\/div>\n\t\t\t\t\t<\/div>\n\t\t<\/section>\n\t\t\t\t\t\t<\/div>\n\t\t\t\t\t\t<\/div>\n\t\t\t\t\t<\/div>\n\t\t","protected":false},"excerpt":{"rendered":"<p>Przegl\u0105d Socjologii Jako\u015bciowej, 2023, tom19, nr 3 &#8222;Rezyliencja os\u00f3b z niepe\u0142nosprawno\u015bciami&#8221;. Pod redakcj\u0105 Jakuba Niedbalskiego, Marioli Rac\u0142aw i Doroty \u017buchowskiej-Skiby Societas\/ Communitas 1 (33) 2022 &#8222;Zjawisko przemocy w \u017cyciu os\u00f3b z niepe\u0142nosprawno\u015bciami&#8221; Pod redakcj\u0105: Jakuba Niedbalskiego, Marioli Rac\u0142aw, El\u017cbiety Zakrzewskiej-Manterys, Doroty \u017buchowskaiej-Skiby Przegl\u0105d Socjologiczny\u00a03 (70) 2021. Redakcja: Jakub Niedbalski, Dorota&#8230;<\/p>\n","protected":false},"author":1,"featured_media":0,"parent":0,"menu_order":0,"comment_status":"closed","ping_status":"closed","template":"","meta":{"footnotes":""},"class_list":["post-1955","page","type-page","status-publish","hentry"],"_links":{"self":[{"href":"https:\/\/home.agh.edu.pl\/~zuchowsk\/index.php?rest_route=\/wp\/v2\/pages\/1955","targetHints":{"allow":["GET"]}}],"collection":[{"href":"https:\/\/home.agh.edu.pl\/~zuchowsk\/index.php?rest_route=\/wp\/v2\/pages"}],"about":[{"href":"https:\/\/home.agh.edu.pl\/~zuchowsk\/index.php?rest_route=\/wp\/v2\/types\/page"}],"author":[{"embeddable":true,"href":"https:\/\/home.agh.edu.pl\/~zuchowsk\/index.php?rest_route=\/wp\/v2\/users\/1"}],"replies":[{"embeddable":true,"href":"https:\/\/home.agh.edu.pl\/~zuchowsk\/index.php?rest_route=%2Fwp%2Fv2%2Fcomments&post=1955"}],"version-history":[{"count":72,"href":"https:\/\/home.agh.edu.pl\/~zuchowsk\/index.php?rest_route=\/wp\/v2\/pages\/1955\/revisions"}],"predecessor-version":[{"id":2531,"href":"https:\/\/home.agh.edu.pl\/~zuchowsk\/index.php?rest_route=\/wp\/v2\/pages\/1955\/revisions\/2531"}],"wp:attachment":[{"href":"https:\/\/home.agh.edu.pl\/~zuchowsk\/index.php?rest_route=%2Fwp%2Fv2%2Fmedia&parent=1955"}],"curies":[{"name":"wp","href":"https:\/\/api.w.org\/{rel}","templated":true}]}}