{"id":2067,"date":"2021-10-24T23:16:04","date_gmt":"2021-10-24T21:16:04","guid":{"rendered":"http:\/\/home.agh.edu.pl\/~zuchowsk\/?page_id=2067"},"modified":"2025-10-25T16:11:15","modified_gmt":"2025-10-25T14:11:15","slug":"fragmenty-ksiazek","status":"publish","type":"page","link":"https:\/\/home.agh.edu.pl\/~zuchowsk\/?page_id=2067","title":{"rendered":"Rozdzia\u0142y w monografiach"},"content":{"rendered":"\t\t<div data-elementor-type=\"wp-page\" data-elementor-id=\"2067\" class=\"elementor elementor-2067\" data-elementor-settings=\"[]\">\n\t\t\t\t\t\t<div class=\"elementor-inner\">\n\t\t\t\t\t\t\t<div class=\"elementor-section-wrap\">\n\t\t\t\t\t\t\t<section class=\"elementor-section elementor-top-section elementor-element elementor-element-d95865e elementor-section-full_width elementor-section-height-default elementor-section-height-default\" data-id=\"d95865e\" data-element_type=\"section\">\n\t\t\t\t\t\t<div class=\"elementor-container elementor-column-gap-default\">\n\t\t\t\t\t\t\t<div class=\"elementor-row\">\n\t\t\t\t\t<div class=\"elementor-column elementor-col-100 elementor-top-column elementor-element elementor-element-e940e02\" data-id=\"e940e02\" data-element_type=\"column\">\n\t\t\t<div class=\"elementor-column-wrap elementor-element-populated\">\n\t\t\t\t\t\t\t<div class=\"elementor-widget-wrap\">\n\t\t\t\t\t\t<div class=\"elementor-element elementor-element-30b7980 elementor-widget elementor-widget-heading\" data-id=\"30b7980\" data-element_type=\"widget\" data-widget_type=\"heading.default\">\n\t\t\t\t<div class=\"elementor-widget-container\">\n\t\t\t<h2 class=\"elementor-heading-title elementor-size-default\">2020<\/h2>\t\t<\/div>\n\t\t\t\t<\/div>\n\t\t\t\t\t\t<\/div>\n\t\t\t\t\t<\/div>\n\t\t<\/div>\n\t\t\t\t\t\t\t\t<\/div>\n\t\t\t\t\t<\/div>\n\t\t<\/section>\n\t\t\t\t<section class=\"elementor-section elementor-top-section elementor-element elementor-element-cd364ea elementor-section-full_width elementor-section-height-default elementor-section-height-default\" data-id=\"cd364ea\" data-element_type=\"section\">\n\t\t\t\t\t\t<div class=\"elementor-container elementor-column-gap-default\">\n\t\t\t\t\t\t\t<div class=\"elementor-row\">\n\t\t\t\t\t<div class=\"elementor-column elementor-col-100 elementor-top-column elementor-element elementor-element-0fd62c6\" data-id=\"0fd62c6\" data-element_type=\"column\">\n\t\t\t<div class=\"elementor-column-wrap elementor-element-populated\">\n\t\t\t\t\t\t\t<div class=\"elementor-widget-wrap\">\n\t\t\t\t\t\t<div class=\"elementor-element elementor-element-204a8dc elementor-widget elementor-widget-text-editor\" data-id=\"204a8dc\" data-element_type=\"widget\" data-widget_type=\"text-editor.default\">\n\t\t\t\t<div class=\"elementor-widget-container\">\n\t\t\t\t\t\t\t\t<div class=\"elementor-text-editor elementor-clearfix\">\n\t\t\t\t<p><span title=\"odpowiedzialno\u015b\u0107 \u017ar\u00f3d\u0142a\">\u017buchowska-Skiba D.,\u00a0<\/span><a href=\"https:\/\/wydawnictwo.uni.lodz.pl\/wp-content\/uploads\/2021\/01\/Calek-i-in._Jak-badac_.pdf\" target=\"_blank\" rel=\"noopener\">Wykluczenie cyfrowe os\u00f3b z niepe\u0142nosprawno\u015bciami \u2013 perspektywy badawcze.<\/a>\u00a0W:\u00a0<em title=\"\u017ar\u00f3d\u0142o, tytu\u0142 ksi\u0105\u017cki\">Jak bada\u0107 zjawisko niepe\u0142nosprawno\u015bci: <span title=\"dodatek do tytu\u0142u \u017ar\u00f3d\u0142a\">szanse i zagro\u017cenia za\u0142o\u017ce\u0144 teoretycznych i metodologicznych studi\u00f3w nad niepe\u0142nosprawno\u015bci\u0105, <\/span><\/em><span title=\"odpowiedzialno\u015b\u0107 \u017ar\u00f3d\u0142a\">pod red.\u00a0Grzegorza Ca\u0142ka, Jakuba Niedbalskiego, Doroty \u017buchowskiej-Skiby<\/span>. <span title=\"wydawnictwo\">\u0141\u00f3d\u017a : Wydawnictwo Uniwersytetu \u0141\u00f3dzkiego<\/span>,\u00a0<span title=\"rok wydania\">2020, s. 195-212.<\/span><\/p><div class=\"description\"><p id=\"idp-132386\" class=\"rp2\"><span title=\"tytu\u0142 publikacji\"><span title=\"odpowiedzialno\u015b\u0107 \u017ar\u00f3d\u0142a\">Ca\u0142ek G., Niedbalski J., \u017buchowska-Skiba D. <\/span><i>W<\/i><\/span><a href=\"https:\/\/wydawnictwo.uni.lodz.pl\/wp-content\/uploads\/2021\/01\/Calek-i-in._Jak-badac_.pdf\" target=\"_blank\" rel=\"noopener\"> kierunku\u00a0Disability Studies\u00a0\u2013 rozw\u00f3j bada\u0144 nad niepe\u0142nosprawno\u015bci\u0105 i osobami z\u00a0niepe\u0142nosprawno\u015bciami.<\/a>\u00a0\u00a0W:\u00a0<em title=\"\u017ar\u00f3d\u0142o, tytu\u0142 ksi\u0105\u017cki\">Jak bada\u0107 zjawisko niepe\u0142nosprawno\u015bci :\u00a0<span title=\"dodatek do tytu\u0142u \u017ar\u00f3d\u0142a\">szanse i\u00a0zagro\u017cenia za\u0142o\u017ce\u0144 teoretycznych i\u00a0metodologicznych studi\u00f3w nad niepe\u0142nosprawno\u015bci\u0105<\/span><\/em>\u00a0\/\u00a0<span title=\"odpowiedzialno\u015b\u0107 \u017ar\u00f3d\u0142a\">pod red.\u00a0Grzegorza Ca\u0142ka, Jakuba Niedbalskiego, Doroty \u017buchowskiej-Skiby, Wydawnictwo Uniwersytetu \u0141\u00f3dzkiego, \u0141\u00f3d\u017a 2020, s. 7-15.<\/span><\/p><\/div><div class=\"flex-bottom\"><div class=\"meta\">\u00a0<\/div><\/div>\t\t\t\t\t<\/div>\n\t\t\t\t\t\t<\/div>\n\t\t\t\t<\/div>\n\t\t\t\t\t\t<\/div>\n\t\t\t\t\t<\/div>\n\t\t<\/div>\n\t\t\t\t\t\t\t\t<\/div>\n\t\t\t\t\t<\/div>\n\t\t<\/section>\n\t\t\t\t<section class=\"elementor-section elementor-top-section elementor-element elementor-element-dc9b475 elementor-section-full_width elementor-section-height-default elementor-section-height-default\" data-id=\"dc9b475\" data-element_type=\"section\">\n\t\t\t\t\t\t<div class=\"elementor-container elementor-column-gap-default\">\n\t\t\t\t\t\t\t<div class=\"elementor-row\">\n\t\t\t\t\t<div class=\"elementor-column elementor-col-100 elementor-top-column elementor-element elementor-element-651c8a2\" data-id=\"651c8a2\" data-element_type=\"column\">\n\t\t\t<div class=\"elementor-column-wrap elementor-element-populated\">\n\t\t\t\t\t\t\t<div class=\"elementor-widget-wrap\">\n\t\t\t\t\t\t<div class=\"elementor-element elementor-element-f94d7c5 elementor-widget elementor-widget-heading\" data-id=\"f94d7c5\" data-element_type=\"widget\" data-widget_type=\"heading.default\">\n\t\t\t\t<div class=\"elementor-widget-container\">\n\t\t\t<h2 class=\"elementor-heading-title elementor-size-default\">2018<\/h2>\t\t<\/div>\n\t\t\t\t<\/div>\n\t\t\t\t\t\t<\/div>\n\t\t\t\t\t<\/div>\n\t\t<\/div>\n\t\t\t\t\t\t\t\t<\/div>\n\t\t\t\t\t<\/div>\n\t\t<\/section>\n\t\t\t\t<section class=\"elementor-section elementor-top-section elementor-element elementor-element-a943802 elementor-section-full_width elementor-section-height-default elementor-section-height-default\" data-id=\"a943802\" data-element_type=\"section\">\n\t\t\t\t\t\t<div class=\"elementor-container elementor-column-gap-default\">\n\t\t\t\t\t\t\t<div class=\"elementor-row\">\n\t\t\t\t\t<div class=\"elementor-column elementor-col-100 elementor-top-column elementor-element elementor-element-db2a682\" data-id=\"db2a682\" data-element_type=\"column\">\n\t\t\t<div class=\"elementor-column-wrap elementor-element-populated\">\n\t\t\t\t\t\t\t<div class=\"elementor-widget-wrap\">\n\t\t\t\t\t\t<div class=\"elementor-element elementor-element-0d944af elementor-widget elementor-widget-text-editor\" data-id=\"0d944af\" data-element_type=\"widget\" data-widget_type=\"text-editor.default\">\n\t\t\t\t<div class=\"elementor-widget-container\">\n\t\t\t\t\t\t\t\t<div class=\"elementor-text-editor elementor-clearfix\">\n\t\t\t\t<p><span title=\"tytu\u0142 publikacji\">\u017buchowska-Skiba D.,<\/span><em title=\"tytu\u0142 publikacji\"> Niepe\u0142nosprawno\u015b\u0107<\/em><a href=\"http:\/\/www.aps.edu.pl\/media\/2129589\/wybrane-problemy-spo%C5%82eczne_e-book.pdf\" target=\"_blank\"> w dobie Web 2.0&nbsp;:&nbsp;znaczenie portali spo\u0142eczno\u015bciowych dla os\u00f3b z&nbsp;niepe\u0142nosprawno\u015bciami<\/a>,&nbsp;W:&nbsp;<em title=\"\u017ar\u00f3d\u0142o, tytu\u0142 ksi\u0105\u017cki\">Wybrane problemy spo\u0142eczne&nbsp;:&nbsp;<span title=\"dodatek do tytu\u0142u \u017ar\u00f3d\u0142a\">tera\u017aniejszo\u015b\u0107 \u2013 przysz\u0142o\u015b\u0107<\/span><\/em>&nbsp;\/&nbsp;<span title=\"odpowiedzialno\u015b\u0107 \u017ar\u00f3d\u0142a\">red.&nbsp;nauk.&nbsp;Ewa Grudziewska, Marta Miko\u0142ajczyk<\/span>.&nbsp;&nbsp;<span title=\"wydawnictwo\">Warszawa: Wydawnictwo Akademii Pedagogiki Specjalnej<\/span>,&nbsp;<span title=\"rok wydania\">2018<\/span><span title=\"inf. bibliograf.\">&nbsp;s.&nbsp;146\u2013147.<\/span><\/p>\t\t\t\t\t<\/div>\n\t\t\t\t\t\t<\/div>\n\t\t\t\t<\/div>\n\t\t\t\t\t\t<\/div>\n\t\t\t\t\t<\/div>\n\t\t<\/div>\n\t\t\t\t\t\t\t\t<\/div>\n\t\t\t\t\t<\/div>\n\t\t<\/section>\n\t\t\t\t<section class=\"elementor-section elementor-top-section elementor-element elementor-element-9124292 elementor-section-full_width elementor-section-height-default elementor-section-height-default\" data-id=\"9124292\" data-element_type=\"section\">\n\t\t\t\t\t\t<div class=\"elementor-container elementor-column-gap-default\">\n\t\t\t\t\t\t\t<div class=\"elementor-row\">\n\t\t\t\t\t<div class=\"elementor-column elementor-col-100 elementor-top-column elementor-element elementor-element-bd58484\" data-id=\"bd58484\" data-element_type=\"column\">\n\t\t\t<div class=\"elementor-column-wrap elementor-element-populated\">\n\t\t\t\t\t\t\t<div class=\"elementor-widget-wrap\">\n\t\t\t\t\t\t<div class=\"elementor-element elementor-element-790f9d2 elementor-widget elementor-widget-heading\" data-id=\"790f9d2\" data-element_type=\"widget\" data-widget_type=\"heading.default\">\n\t\t\t\t<div class=\"elementor-widget-container\">\n\t\t\t<h2 class=\"elementor-heading-title elementor-size-default\">2017<\/h2>\t\t<\/div>\n\t\t\t\t<\/div>\n\t\t\t\t\t\t<\/div>\n\t\t\t\t\t<\/div>\n\t\t<\/div>\n\t\t\t\t\t\t\t\t<\/div>\n\t\t\t\t\t<\/div>\n\t\t<\/section>\n\t\t\t\t<section class=\"elementor-section elementor-top-section elementor-element elementor-element-2dd9180 elementor-section-full_width elementor-section-height-default elementor-section-height-default\" data-id=\"2dd9180\" data-element_type=\"section\">\n\t\t\t\t\t\t<div class=\"elementor-container elementor-column-gap-default\">\n\t\t\t\t\t\t\t<div class=\"elementor-row\">\n\t\t\t\t\t<div class=\"elementor-column elementor-col-100 elementor-top-column elementor-element elementor-element-24dba76\" data-id=\"24dba76\" data-element_type=\"column\">\n\t\t\t<div class=\"elementor-column-wrap elementor-element-populated\">\n\t\t\t\t\t\t\t<div class=\"elementor-widget-wrap\">\n\t\t\t\t\t\t<div class=\"elementor-element elementor-element-f14967f elementor-widget elementor-widget-text-editor\" data-id=\"f14967f\" data-element_type=\"widget\" data-widget_type=\"text-editor.default\">\n\t\t\t\t<div class=\"elementor-widget-container\">\n\t\t\t\t\t\t\t\t<div class=\"elementor-text-editor elementor-clearfix\">\n\t\t\t\t<p><span title=\"tytu\u0142 publikacji\">Stojkow M., \u017buchowska-Skiba D.\u00a0<\/span><a href=\"https:\/\/www.researchgate.net\/publication\/324059546_Niepelnosprawnosc_w_Islamie\" target=\"_blank\" rel=\"noopener\">Niepe\u0142nosprawno\u015b\u0107 w Islamie.<\/a>\u00a0W: <em title=\"\u017ar\u00f3d\u0142o, tytu\u0142 ksi\u0105\u017cki\">Oblicza niepe\u0142nosprawno\u015bci w teorii i praktyce,<\/em>\u00a0<span title=\"odpowiedzialno\u015b\u0107 \u017ar\u00f3d\u0142a\">pod red.\u00a0Jakuba Niedbalskiego, Marioli Rac\u0142aw, Doroty \u017buchowskiej-Skiby<\/span>.\u00a0\u00a0<span title=\"wydawnictwo\">\u0141\u00f3d\u017a : Wydawnictwo Uniwersytetu \u0141\u00f3dzkiego<\/span>,\u00a0<span title=\"rok wydania\">2017<\/span>. <span title=\"opis fizyczny\">S.\u00a0307\u2013326<\/span>.\u00a0<\/p><p><span title=\"tytu\u0142 publikacji\">\u017buchowska-Skiba D. <\/span><a href=\"https:\/\/www.researchgate.net\/publication\/324059318_W_kierunku_integracji_-_znaczenie_serwisow_spolecznosciowych_dla_osob_niepelnosprawnych_w_Polsce\" target=\"_blank\" rel=\"noopener\">W kierunku integracji \u2013 znaczenie serwis\u00f3w spo\u0142eczno\u015bciowych dla os\u00f3b niepe\u0142nosprawnych w\u00a0Polsce.\u00a0<\/a>W:\u00a0<em title=\"\u017ar\u00f3d\u0142o, tytu\u0142 ksi\u0105\u017cki\">Oblicza niepe\u0142nosprawno\u015bci w teorii i praktyce,<\/em>\u00a0<span title=\"odpowiedzialno\u015b\u0107 \u017ar\u00f3d\u0142a\">pod red.\u00a0Jakuba Niedbalskiego, Marioli Rac\u0142aw, Doroty \u017buchowskiej-Skiby<\/span>.\u00a0\u00a0<span title=\"wydawnictwo\">\u0141\u00f3d\u017a : Wydawnictwo Uniwersytetu \u0141\u00f3dzkiego<\/span>,\u00a0<span title=\"rok wydania\">2017<\/span>. <span title=\"opis fizyczny\">S.\u00a0281\u2013306<\/span>.\u00a0<\/p><p><span title=\"tytu\u0142 publikacji\"><span title=\"odpowiedzialno\u015b\u0107\">Niedbalski J., Rac\u0142aw M., <\/span>\u017buchowska-Skiba <\/span><span title=\"tytu\u0142 publikacji\">D.<\/span><em title=\"tytu\u0142 publikacji\"><span title=\"tytu\u0142 publikacji\">\u00a0<\/span><span title=\"dodatek do tytu\u0142u\"><a href=\"https:\/\/www.researchgate.net\/publication\/324059016_Wstep_Wspolczesne_perspektywy_postrzegania_niepelnosprawnosci\" target=\"_blank\" rel=\"noopener\">Wst\u0119p\u00a0:\u00a0wsp\u00f3\u0142czesne perspektywy postrzegania niepe\u0142nosprawno\u015bci.<\/a>\u00a0<\/span><\/em>W:\u00a0<em title=\"\u017ar\u00f3d\u0142o, tytu\u0142 ksi\u0105\u017cki\">Oblicza niepe\u0142nosprawno\u015bci w teorii i praktyce<\/em>, <span title=\"odpowiedzialno\u015b\u0107 \u017ar\u00f3d\u0142a\">pod red.\u00a0Jakuba Niedbalskiego, Marioli Rac\u0142aw, Doroty \u017buchowskiej-Skiby<\/span>. <span title=\"wydawnictwo\">\u0141\u00f3d\u017a : Wydawnictwo Uniwersytetu \u0141\u00f3dzkiego<\/span>,\u00a0<span title=\"rok wydania\">2017<\/span>. \u00a0<span title=\"opis fizyczny\">S.\u00a09\u201321<\/span>.\u00a0<\/p><p><span title=\"inf. bibliograf.\">\u00a0<\/span><\/p>\t\t\t\t\t<\/div>\n\t\t\t\t\t\t<\/div>\n\t\t\t\t<\/div>\n\t\t\t\t\t\t<\/div>\n\t\t\t\t\t<\/div>\n\t\t<\/div>\n\t\t\t\t\t\t\t\t<\/div>\n\t\t\t\t\t<\/div>\n\t\t<\/section>\n\t\t\t\t<section class=\"elementor-section elementor-top-section elementor-element elementor-element-5a09f76 elementor-section-full_width elementor-section-height-default elementor-section-height-default\" data-id=\"5a09f76\" data-element_type=\"section\">\n\t\t\t\t\t\t<div class=\"elementor-container elementor-column-gap-default\">\n\t\t\t\t\t\t\t<div class=\"elementor-row\">\n\t\t\t\t\t<div class=\"elementor-column elementor-col-100 elementor-top-column elementor-element elementor-element-f3ac7d7\" data-id=\"f3ac7d7\" data-element_type=\"column\">\n\t\t\t<div class=\"elementor-column-wrap elementor-element-populated\">\n\t\t\t\t\t\t\t<div class=\"elementor-widget-wrap\">\n\t\t\t\t\t\t<div class=\"elementor-element elementor-element-345dd93 elementor-widget elementor-widget-heading\" data-id=\"345dd93\" data-element_type=\"widget\" data-widget_type=\"heading.default\">\n\t\t\t\t<div class=\"elementor-widget-container\">\n\t\t\t<h2 class=\"elementor-heading-title elementor-size-default\">2016<\/h2>\t\t<\/div>\n\t\t\t\t<\/div>\n\t\t\t\t\t\t<\/div>\n\t\t\t\t\t<\/div>\n\t\t<\/div>\n\t\t\t\t\t\t\t\t<\/div>\n\t\t\t\t\t<\/div>\n\t\t<\/section>\n\t\t\t\t<section class=\"elementor-section elementor-top-section elementor-element elementor-element-26d75fc elementor-section-full_width elementor-section-height-default elementor-section-height-default\" data-id=\"26d75fc\" data-element_type=\"section\">\n\t\t\t\t\t\t<div class=\"elementor-container elementor-column-gap-default\">\n\t\t\t\t\t\t\t<div class=\"elementor-row\">\n\t\t\t\t\t<div class=\"elementor-column elementor-col-100 elementor-top-column elementor-element elementor-element-45e6d6a\" data-id=\"45e6d6a\" data-element_type=\"column\">\n\t\t\t<div class=\"elementor-column-wrap elementor-element-populated\">\n\t\t\t\t\t\t\t<div class=\"elementor-widget-wrap\">\n\t\t\t\t\t\t<div class=\"elementor-element elementor-element-69ed9a1 elementor-widget elementor-widget-text-editor\" data-id=\"69ed9a1\" data-element_type=\"widget\" data-widget_type=\"text-editor.default\">\n\t\t\t\t<div class=\"elementor-widget-container\">\n\t\t\t\t\t\t\t\t<div class=\"elementor-text-editor elementor-clearfix\">\n\t\t\t\t<p><span title=\"tytu\u0142 publikacji\"><span title=\"tytu\u0142 publikacji\">\u017buchowska-Skiba D.\u00a0<\/span><\/span><a href=\"https:\/\/www.researchgate.net\/publication\/327336879_Od_paternalizmu_ku_partnerstwu_Modele_dzialan_organizacji_pozarzadowych_w_swietle_analizy_tresci_stron_internetowych\" target=\"_blank\" rel=\"noopener\"><i>Od paternalizmu ku partnerstwu\u00a0:\u00a0modele dzia\u0142a\u0144 organizacji pozarz\u0105dowych w \u015bwietle analizy tre\u015bci stron internetowych<\/i>.<\/a>\u00a0\u00a0W:\u00a0<em title=\"\u017ar\u00f3d\u0142o, tytu\u0142 ksi\u0105\u017cki\">Niepe\u0142nosprawno\u015b\u0107\u00a0:\u00a0<span title=\"dodatek do tytu\u0142u \u017ar\u00f3d\u0142a\">pozna\u0107, prze\u017cy\u0107, zrozumie\u0107,<\/span><\/em>\u00a0<span title=\"odpowiedzialno\u015b\u0107 \u017ar\u00f3d\u0142a\">pod red.\u00a0Ma\u0142gorzaty Halickiej, Jerzego Halickiego, Krzysztofa Czykierka<\/span>. <span title=\"wydawnictwo\">Bia\u0142ystok : Wydawnictwo Uniwersytetu w\u00a0Bia\u0142ymstoku<\/span>,\u00a0<span title=\"rok wydania\">2016<\/span>. <span title=\"opis fizyczny\">S.\u00a059\u201374<\/span>.<span title=\"uwagi inne\"> \u00a0<\/span><\/p>\t\t\t\t\t<\/div>\n\t\t\t\t\t\t<\/div>\n\t\t\t\t<\/div>\n\t\t\t\t\t\t<\/div>\n\t\t\t\t\t<\/div>\n\t\t<\/div>\n\t\t\t\t\t\t\t\t<\/div>\n\t\t\t\t\t<\/div>\n\t\t<\/section>\n\t\t\t\t\t\t<\/div>\n\t\t\t\t\t\t<\/div>\n\t\t\t\t\t<\/div>\n\t\t","protected":false},"excerpt":{"rendered":"<p>2020 \u017buchowska-Skiba D.,\u00a0Wykluczenie cyfrowe os\u00f3b z niepe\u0142nosprawno\u015bciami \u2013 perspektywy badawcze.\u00a0W:\u00a0Jak bada\u0107 zjawisko niepe\u0142nosprawno\u015bci: szanse i zagro\u017cenia za\u0142o\u017ce\u0144 teoretycznych i metodologicznych studi\u00f3w nad niepe\u0142nosprawno\u015bci\u0105, pod red.\u00a0Grzegorza Ca\u0142ka, Jakuba Niedbalskiego, Doroty \u017buchowskiej-Skiby. \u0141\u00f3d\u017a : Wydawnictwo Uniwersytetu \u0141\u00f3dzkiego,\u00a02020, s. 195-212. Ca\u0142ek G., Niedbalski J., \u017buchowska-Skiba D. W kierunku\u00a0Disability Studies\u00a0\u2013 rozw\u00f3j bada\u0144 nad niepe\u0142nosprawno\u015bci\u0105&#8230;<\/p>\n","protected":false},"author":1,"featured_media":0,"parent":0,"menu_order":0,"comment_status":"closed","ping_status":"closed","template":"","meta":{"footnotes":""},"class_list":["post-2067","page","type-page","status-publish","hentry"],"_links":{"self":[{"href":"https:\/\/home.agh.edu.pl\/~zuchowsk\/index.php?rest_route=\/wp\/v2\/pages\/2067","targetHints":{"allow":["GET"]}}],"collection":[{"href":"https:\/\/home.agh.edu.pl\/~zuchowsk\/index.php?rest_route=\/wp\/v2\/pages"}],"about":[{"href":"https:\/\/home.agh.edu.pl\/~zuchowsk\/index.php?rest_route=\/wp\/v2\/types\/page"}],"author":[{"embeddable":true,"href":"https:\/\/home.agh.edu.pl\/~zuchowsk\/index.php?rest_route=\/wp\/v2\/users\/1"}],"replies":[{"embeddable":true,"href":"https:\/\/home.agh.edu.pl\/~zuchowsk\/index.php?rest_route=%2Fwp%2Fv2%2Fcomments&post=2067"}],"version-history":[{"count":23,"href":"https:\/\/home.agh.edu.pl\/~zuchowsk\/index.php?rest_route=\/wp\/v2\/pages\/2067\/revisions"}],"predecessor-version":[{"id":2553,"href":"https:\/\/home.agh.edu.pl\/~zuchowsk\/index.php?rest_route=\/wp\/v2\/pages\/2067\/revisions\/2553"}],"wp:attachment":[{"href":"https:\/\/home.agh.edu.pl\/~zuchowsk\/index.php?rest_route=%2Fwp%2Fv2%2Fmedia&parent=2067"}],"curies":[{"name":"wp","href":"https:\/\/api.w.org\/{rel}","templated":true}]}}